{"id":3089,"date":"2020-04-10T21:45:44","date_gmt":"2020-04-10T19:45:44","guid":{"rendered":"http:\/\/www.polovnictvotn.eu.sk\/?page_id=3089"},"modified":"2020-06-26T18:56:22","modified_gmt":"2020-06-26T16:56:22","slug":"archiv","status":"publish","type":"page","link":"http:\/\/www.polovnictvotn.eu.sk\/?page_id=3089","title":{"rendered":"Arch\u00edv oznamov"},"content":{"rendered":"<p style=\"text-align: center;\"><a class=\"boxersandswipers\" href=\"http:\/\/www.polovnictvotn.eu.sk\/wp-content\/uploads\/2020\/06\/jun_mesiac_polovnictva.jpg\"><img loading=\"lazy\" decoding=\"async\" class=\"size-medium wp-image-3185 aligncenter\" src=\"http:\/\/www.polovnictvotn.eu.sk\/wp-content\/uploads\/2020\/06\/jun_mesiac_polovnictva-300x212.jpg\" alt=\"\" width=\"300\" height=\"212\" srcset=\"http:\/\/www.polovnictvotn.eu.sk\/wp-content\/uploads\/2020\/06\/jun_mesiac_polovnictva-300x212.jpg 300w, http:\/\/www.polovnictvotn.eu.sk\/wp-content\/uploads\/2020\/06\/jun_mesiac_polovnictva-768x543.jpg 768w, http:\/\/www.polovnictvotn.eu.sk\/wp-content\/uploads\/2020\/06\/jun_mesiac_polovnictva-1024x724.jpg 1024w, http:\/\/www.polovnictvotn.eu.sk\/wp-content\/uploads\/2020\/06\/jun_mesiac_polovnictva.jpg 1754w\" sizes=\"auto, (max-width: 300px) 100vw, 300px\" \/><\/a><\/p>\n<div>\n<hr \/>\n<p style=\"text-align: center;\"><span style=\"color: #000000;\"><strong>Zru\u0161enie niektor\u00fdch vrcholov\u00fdch streleck\u00fdch podujat\u00ed na \u00farovni SPK\u00a0<\/strong><\/span><\/p>\n<p><span style=\"color: #000000;\">V pr\u00edlohe zverej\u0148ujeme odpor\u00fa\u010danie SPK na z\u00e1klade, ktor\u00e9ho boli zru\u0161en\u00e9 v\u0161etky streleck\u00e9 podujatia organizovan\u00e9 OPK a OkO SPZ Tren\u010d\u00edn a z\u00e1rove\u0148 oznam o zru\u0161en\u00ed niektor\u00fdch vrcholov\u00fdch streleck\u00fdch podujat\u00ed na \u00farovni SPK.<\/span><\/p>\n<p style=\"text-align: center;\"><a href=\"http:\/\/www.polovnictvotn.eu.sk\/wp-content\/uploads\/2020\/05\/zrusenie_podujati_2020.pdf\">Ru\u0161enie streleck\u00fdch podujat\u00ed 2020<\/a><\/p>\n<p style=\"text-align: center;\"><a href=\"http:\/\/www.polovnictvotn.eu.sk\/wp-content\/uploads\/2020\/05\/19_05_2020_Opatrenie_hromadne_podujatia.pdf\">Opatrenia \u00daVZ SR<\/a><\/p>\n<hr \/>\n<p style=\"text-align: center;\"><span style=\"color: #000000;\"><b>PO\u013dOVN\u00cdCI A\u00a0V\u010cEL\u00c1RI POM\u00c1HAJ\u00da KRAJINE<\/b><\/span><\/p>\n<p style=\"font-weight: 400; text-align: center;\"><a href=\"http:\/\/www.polovnictvotn.eu.sk\/wp-content\/uploads\/2020\/05\/ts_polovnici_vcelari_20.pdf\">Tla\u010dov\u00e1 spr\u00e1va &#8211; dohoda po\u013eovn\u00edkov a v\u010del\u00e1rov<\/a><\/p>\n<p style=\"text-align: center;\"><a href=\"https:\/\/www.youtube.com\/watch?v=RHhUOrMo0dc\" target=\"_blank\" rel=\"noopener\">V\u010dely v rev\u00edroch &#8211; video<\/a><\/p>\n<\/div>\n<div>\n<hr \/>\n<p style=\"text-align: center;\"><span style=\"color: #000000;\"><strong><u>Ozn\u00e1menie<\/u><\/strong><\/span><\/p>\n<p style=\"text-align: center;\"><span style=\"color: #000000;\">Vzh\u013eadom na vzniknut\u00fa situ\u00e1ciu v\u00a0s\u00favislosti s\u00a0koronav\u00edrusom oznamujeme v\u0161etk\u00fdm \u010dlenom OPK Tren\u010d\u00edn, \u017ee<\/span> <span style=\"color: #ff0000;\">streleck\u00e9 podujatia<\/span> <span style=\"color: #000000;\">pl\u00e1novan\u00e9 OPK a OkO SPZ Tren\u010d\u00edn na\u00a0 rok<\/span> <span style=\"color: #ff0000;\">2020 sa neuskuto\u010dnia<\/span><span style=\"color: #000000;\">.<\/span><\/p>\n<p style=\"text-align: center;\"><a href=\"http:\/\/www.polovnictvotn.eu.sk\/wp-content\/uploads\/2020\/05\/zrusenie_podujati_2020.pdf\">\u00a0Ru\u0161enie streleck\u00fdch podujat\u00ed 2020<\/a>\u00a0 \u00a0 \u00a0 \u00a0 \u00a0 \u00a0 \u00a0 \u00a0 \u00a0 \u00a0 \u00a0 \u00a0 \u00a0 \u00a0 \u00a0 \u00a0 \u00a0 \u00a0 \u00a0 \u00a0 \u00a0 \u00a0 \u00a0 \u00a0 \u00a0 \u00a0 \u00a0 \u00a0 \u00a0<a href=\"http:\/\/www.polovnictvotn.eu.sk\/wp-content\/uploads\/2020\/05\/19_05_2020_Opatrenie_hromadne_podujatia.pdf\">Opatrenia \u00daVZ SR<\/a><\/p>\n<hr \/>\n<p style=\"text-align: center;\"><span style=\"color: #ff0000;\"><strong>Oznam kancel\u00e1rie OPK Tren\u010d\u00edn a OkO SPZ Tren\u010d\u00edn<\/strong><\/span><\/p>\n<p style=\"text-align: center;\"><span style=\"color: #000000;\">Ved\u00faca kancel\u00e1rie OPK Tren\u010d\u00edn a OkO SPZ Tren\u010d\u00edn oznamuje, \u017ee od\u00a0<strong>11.05.2020<\/strong> bude kancel\u00e1ria OPK Tren\u010d\u00edn a OkO SPZ Tren\u010d\u00edn op\u00e4\u0165<strong> fungova\u0165 v norm\u00e1lnych \u00faradn\u00fdch hodin\u00e1ch<\/strong>:<\/span><\/p>\n<\/div>\n<p style=\"text-align: center;\"><span style=\"color: #000000;\">Po, Ut, \u0160t, Pi: 06:30 &#8211; 14:00<\/span><\/p>\n<p style=\"text-align: center;\"><span style=\"color: #000000;\">St: 06:30 &#8211; 16:30<\/span><\/p>\n<p style=\"text-align: center;\"><span style=\"color: #000000;\">Obed\u0148aj\u0161ia prest\u00e1vka: 11:00 &#8211; 12:00<\/span><\/p>\n<p style=\"text-align: center;\"><span style=\"color: #000000;\">Mobil: 0948 021 128<\/span><\/p>\n<div style=\"text-align: center;\"><span style=\"color: #000000;\">E-mail: trencin@opk.sk<\/span><\/div>\n<p>&nbsp;<\/p>\n<p style=\"text-align: center;\"><span style=\"color: #000000;\">Erika Jan\u00edkov\u00e1 &#8211; v<\/span><span style=\"color: #000000;\">ed\u00faca kancel\u00e1rie OPK Tren\u010d\u00edn a OkO SPZ Tren\u010d\u00edn<\/span><\/p>\n<div style=\"text-align: left;\">\n<hr \/>\n<\/div>\n<div class=\"gmail_default\" style=\"text-align: center;\"><span style=\"color: #000000; font-family: trebuchet ms, sans-serif;\"><strong>Po\u013eovn\u00edci a priatelia pr\u00edrody, po\u010fte s nami do lesa!<\/strong><\/span><\/div>\n<div><\/div>\n<div class=\"gmail_default\"><span style=\"color: #000000; font-family: trebuchet ms, sans-serif;\">Informujte n\u00e1s o tom, \u010do pr\u00e1ve teraz rob\u00edte v po\u013eovn\u00edckom rev\u00edri, napr. o z\u00e1chrane ml\u00e1\u010fat pred kosbami, prikrmovan\u00ed v \u010dase n\u00fadze, zbere odpadu po nezodpovedn\u00fdch \u013eu\u010foch, \u010disten\u00ed nap\u00e1ja\u010diek a dop\u013a\u0148an\u00ed vody v \u010dase letn\u00fdch hor\u00fa\u010dav, v\u00fdsevu pol\u00ed\u010dok pre zver, vys\u00e1dzan\u00ed stromov.<\/span><\/div>\n<div class=\"gmail_default\"><span style=\"color: #000000; font-family: trebuchet ms, sans-serif;\">Sta\u0148te sa s\u00fa\u010das\u0165ou n\u00e1\u0161ho t\u00edmu, po\u0161lite n\u00e1m Va\u0161e vide\u00e1 \/na \u0160\u00cdRKU!\/ na mail:\u00a0<span id=\"m_-4549425543957792118m_1627175632642018982m_6192910637801773796gmail-cloak87c38559f55722cbd8c7925fd440ea86\"><a href=\"mailto:halalislovensko@gmail.com\" target=\"_blank\" rel=\"noopener noreferrer noreferrer\">halalislovensko@gmail.<wbr \/>com<\/a><\/span>\u00a0a tvorte tak s nami lep\u0161\u00ed imid\u017e slovensk\u00e9ho po\u013eovn\u00edctva!<\/span><\/div>\n<div class=\"gmail_default\"><span style=\"color: #000000; font-family: trebuchet ms, sans-serif;\"><br \/>\nUk\u00e1\u017eme spolo\u010dne, \u010do v\u0161etko rob\u00edme v prospech pr\u00edrody, preto\u017ee po\u013eovn\u00edctvo m\u00e1 zmysel!<\/span><\/div>\n<div><\/div>\n<div style=\"text-align: center;\"><a href=\"https:\/\/www.youtube.com\/watch?v=H3KIJ_eIxTc&amp;feature=emb_title\" target=\"_blank\" rel=\"noopener\">PO\u010eTE S NAMI DO LESA !<\/a><\/div>\n<hr \/>\n<p><strong>V\u00fdzva Slovenskej po\u013eovn\u00edckej komory \u0161irokej\u00a0 verejnosti<\/strong>Vzh\u013eadom na pand\u00e9miu koronav\u00edrusu a v s\u00favislosti s prijat\u00fdmi opatreniami v s\u00fa\u010dasnosti zaznamen\u00e1vame zv\u00fd\u0161en\u00fd pohyb verejnosti v pr\u00edrode. V spojitosti s t\u00fdmto javom pozorujeme aj zv\u00fd\u0161en\u00fd v\u00fdskyt nevhodn\u00e9ho a nezodpovedn\u00e9ho spr\u00e1vania sa k pr\u00edrode. Preto apelujeme na \u0161irok\u00fa verejnos\u0165:\u00a0<span style=\"color: #ff0000;\"><strong>Spr\u00e1vajte sa v pr\u00edrode oh\u013eaduplne !<\/strong><\/span><a href=\"http:\/\/www.polovnictvotn.eu.sk\/wp-content\/uploads\/2020\/04\/V\u00fdzva-SPK-\u0161irokej-verejnosti.pdf\" target=\"_blank\" rel=\"noopener\">V\u00fdzva SPK \u0161irokej verejnosti<\/a><a href=\"https:\/\/www.youtube.com\/watch?v=IYDjC5gYCQY\" target=\"_blank\" rel=\"noopener\">V\u00fdzva SPK \u0161irokej verejnosti &#8211; video<\/a><\/p>\n<hr \/>\n<p><strong>V pr\u00edlohe zverej\u0148ujeme v\u00fdzvu prez\u00eddia SPK k meritu veci &#8211; vnadenie. V\u0161etk\u00fdch u\u017e\u00edvate\u013eov po\u013eovn\u00fdch rev\u00edrov \u017eiadame o zabezpe\u010denie dodr\u017eiavania platn\u00fdch pr\u00e1vnych predpisov v s\u00favislosti s vnaden\u00edm zveri.\u00a0<\/strong><strong><a href=\"http:\/\/www.polovnictvotn.eu.sk\/wp-content\/uploads\/2020\/04\/V\u00fdzva-prez\u00eddia-SPK-VNADENIE.pdf\">V\u00fdzva prez\u00eddia SPK &#8211; VNADENIE<\/a><\/strong><\/p>\n<hr \/>\n<p><a class=\"boxersandswipers\" href=\"http:\/\/www.polovnictvotn.eu.sk\/wp-content\/uploads\/2020\/04\/mladata_niesu_opustene2020.jpg\"><img loading=\"lazy\" decoding=\"async\" class=\"aligncenter size-medium wp-image-3044\" src=\"http:\/\/www.polovnictvotn.eu.sk\/wp-content\/uploads\/2020\/04\/mladata_niesu_opustene2020-212x300.jpg\" alt=\"\" width=\"212\" height=\"300\" srcset=\"http:\/\/www.polovnictvotn.eu.sk\/wp-content\/uploads\/2020\/04\/mladata_niesu_opustene2020-212x300.jpg 212w, http:\/\/www.polovnictvotn.eu.sk\/wp-content\/uploads\/2020\/04\/mladata_niesu_opustene2020-768x1086.jpg 768w, http:\/\/www.polovnictvotn.eu.sk\/wp-content\/uploads\/2020\/04\/mladata_niesu_opustene2020-724x1024.jpg 724w\" sizes=\"auto, (max-width: 212px) 100vw, 212px\" \/><\/a><\/p>\n<hr \/>\n<p>Pred\u013a\u017eenie term\u00ednu akcie &#8222;\u010cist\u00fd rev\u00edr = \u010cist\u00e1 pr\u00edroda&#8220;<a class=\"boxersandswipers\" href=\"http:\/\/www.polovnictvotn.eu.sk\/wp-content\/uploads\/2020\/04\/posun-cr.jpg\"><img loading=\"lazy\" decoding=\"async\" class=\"aligncenter size-medium wp-image-3038\" src=\"http:\/\/www.polovnictvotn.eu.sk\/wp-content\/uploads\/2020\/04\/posun-cr-212x300.jpg\" alt=\"\" width=\"212\" height=\"300\" srcset=\"http:\/\/www.polovnictvotn.eu.sk\/wp-content\/uploads\/2020\/04\/posun-cr-212x300.jpg 212w, http:\/\/www.polovnictvotn.eu.sk\/wp-content\/uploads\/2020\/04\/posun-cr-768x1085.jpg 768w, http:\/\/www.polovnictvotn.eu.sk\/wp-content\/uploads\/2020\/04\/posun-cr-725x1024.jpg 725w, http:\/\/www.polovnictvotn.eu.sk\/wp-content\/uploads\/2020\/04\/posun-cr.jpg 1159w\" sizes=\"auto, (max-width: 212px) 100vw, 212px\" \/><\/a><a href=\"https:\/\/polovnickakomora.sk\/sk\/spk-aktualne\/spravy-a-informacie\/cista-priroda-cisty-revir\/1882-vyzva-ii-rocnik-cisty-revir-cista-priroda-2020.html\">https:\/\/polovnickakomora.sk\/sk\/spk-aktualne\/spravy-a-informacie\/cista-priroda-cisty-revir\/1882-vyzva-ii-rocnik-cisty-revir-cista-priroda-2020.html<\/a><\/p>\n<hr \/>\n<p style=\"text-align: center;\"><strong><a href=\"http:\/\/www.polovnictvotn.eu.sk\/wp-content\/uploads\/2020\/03\/Opatrenia-na-\u00faseku-streln\u00fdch-zbran\u00ed-a-streliva-v-s\u00favislosti-s-n\u00fadzov\u00fdm-stavom.pdf\">Opatrenia na \u00faseku streln\u00fdch zbran\u00ed a streliva v s\u00favislosti s n\u00fadzov\u00fdm stavom<\/a><\/strong><\/p>\n<hr \/>\n<p style=\"text-align: center;\"><strong><span style=\"color: #ff0000;\">!!! Zmena priebehu chovate\u013eskej prehliadky z po\u013eovn\u00edckej sez\u00f3ny 2019 &#8211; 2020 !!!<\/span><\/strong><\/p>\n<p><span style=\"color: #000000;\">Vzh\u013eadom na rozhodnutie \u00daradu verejn\u00e9ho zdravotn\u00edctva SR v s\u00favislosti s ochoren\u00edm COVID-19 sp\u00f4soben\u00fdm koronav\u00edrusom SARS-CoV-2\u00a0\u00a0(&#8222;v\u0161etk\u00fdm fyzick\u00fdm osob\u00e1m, fyzick\u00fdm osob\u00e1m \u2013 podnikate\u013eom a pr\u00e1vnick\u00fdm osob\u00e1m zakazuje sa organizova\u0165 a usporad\u00fava\u0165 hromadn\u00e9 podujatia \u0161portovej, kult\u00farnej, spolo\u010denskej \u010di inej povahy. &#8222;) sa <span style=\"color: #ff0000;\"><strong>v\u00fdstavn\u00e1 \u010das\u0165 chovate\u013eskej prehliadky z po\u013eovn\u00edckej sez\u00f3ny 2019 &#8211; 2020 d\u0148a 21. a 22. 03. 2020 NEUSKUTO\u010cN\u00cd.<\/strong><\/span><\/span><\/p>\n<p>Program hodnotiacej \u010dasti sa upravuje nasledovne:<\/p>\n<p><strong>&#8211; preberanie trofej\u00ed od u\u017e\u00edvate\u013eov po\u013eovn\u00fdch rev\u00edrov d\u0148a 13.03.2020 od 10:00 do 17:00 hod. v Kult\u00farnospolo\u010denskom dome v Tren\u010dianskych Stankovciach.<\/strong><\/p>\n<p><strong>&#8211; vracanie trofej\u00ed u\u017e\u00edvate\u013eom po\u013eovn\u00fdch rev\u00edrov d\u0148a 15.03.2020 o 15:00 hod. v Kult\u00farnospolo\u010denskom dome v Tren\u010dianskych Stankovciach.\u00a0 \u00a0 <\/strong><\/p>\n<p>OPK Tren\u010d\u00edn sa vynasna\u017e\u00ed zabezpe\u010di\u0165 katal\u00f3gy trofejovej zveri pre ka\u017ed\u00e9ho \u010dlena vykon\u00e1van\u00e9ho pr\u00e1vo po\u013eovn\u00edctva v\u00a0po\u013eovnom rev\u00edri n\u00e1\u0161ho okresu.<strong>\u00a0 \u00a0 \u00a0 \u00a0 \u00a0 \u00a0 \u00a0 \u00a0 \u00a0 \u00a0 \u00a0 \u00a0 \u00a0 \u00a0 \u00a0 \u00a0 \u00a0 \u00a0 \u00a0 \u00a0 \u00a0 \u00a0 \u00a0 \u00a0 \u00a0 \u00a0 \u00a0 \u00a0 \u00a0 \u00a0 \u00a0 \u00a0 \u00a0 \u00a0 \u00a0 \u00a0 \u00a0 \u00a0 \u00a0 \u00a0 \u00a0 \u00a0 \u00a0 \u00a0 \u00a0 \u00a0 \u00a0 \u00a0 \u00a0 \u00a0 \u00a0 \u00a0 \u00a0 \u00a0 \u00a0 \u00a0\u00a0<\/strong><\/p>\n<p>\u010eakujeme za pochopenie tejto mimoriadnej situ\u00e1cie a pros\u00edme o zdie\u013eanie tejto inform\u00e1cie.<\/p>\n<p style=\"text-align: center;\"><a href=\"http:\/\/www.polovnictvotn.eu.sk\/wp-content\/uploads\/2020\/03\/CHP-2019.pdf\">CHP 2019<\/a><\/p>\n<p style=\"text-align: center;\"><a href=\"http:\/\/www.polovnictvotn.eu.sk\/wp-content\/uploads\/2020\/03\/USMERNENIE-SPK-o-CHP.pdf\">USMERNENIE SPK o CHP<\/a><\/p>\n<hr \/>\n<p style=\"text-align: center;\"><strong>Oblastn\u00e1 v\u00fdstava psov Kl\u00e1\u0161tor pod Znievom 06.06.2020<\/strong><\/p>\n\n\t\t<style type=\"text\/css\">\n\t\t\t#gallery-1 {\n\t\t\t\tmargin: auto;\n\t\t\t}\n\t\t\t#gallery-1 .gallery-item {\n\t\t\t\tfloat: left;\n\t\t\t\tmargin-top: 10px;\n\t\t\t\ttext-align: center;\n\t\t\t\twidth: 25%;\n\t\t\t}\n\t\t\t#gallery-1 img {\n\t\t\t\tborder: 2px solid #cfcfcf;\n\t\t\t}\n\t\t\t#gallery-1 .gallery-caption {\n\t\t\t\tmargin-left: 0;\n\t\t\t}\n\t\t\t\/* see gallery_shortcode() in wp-includes\/media.php *\/\n\t\t<\/style>\n\t\t<div id='gallery-1' class='gallery galleryid-3089 gallery-columns-4 gallery-size-medium'><dl class='gallery-item'>\n\t\t\t<dt class='gallery-icon portrait'>\n\t\t\t\t<a class=\"boxersandswipers\" title=\"OBLASTN\u00c1 V\u00ddSTAVA PSOV Klastor 2020_r3-page-001\" href='http:\/\/www.polovnictvotn.eu.sk\/wp-content\/uploads\/2020\/03\/OBLASTN\u00c1-V\u00ddSTAVA-PSOV-Klastor-2020_r3-page-001.jpg'><img loading=\"lazy\" decoding=\"async\" width=\"208\" height=\"300\" src=\"http:\/\/www.polovnictvotn.eu.sk\/wp-content\/uploads\/2020\/03\/OBLASTN\u00c1-V\u00ddSTAVA-PSOV-Klastor-2020_r3-page-001-208x300.jpg\" class=\"attachment-medium size-medium\" alt=\"\" srcset=\"http:\/\/www.polovnictvotn.eu.sk\/wp-content\/uploads\/2020\/03\/OBLASTN\u00c1-V\u00ddSTAVA-PSOV-Klastor-2020_r3-page-001-208x300.jpg 208w, http:\/\/www.polovnictvotn.eu.sk\/wp-content\/uploads\/2020\/03\/OBLASTN\u00c1-V\u00ddSTAVA-PSOV-Klastor-2020_r3-page-001-768x1109.jpg 768w, http:\/\/www.polovnictvotn.eu.sk\/wp-content\/uploads\/2020\/03\/OBLASTN\u00c1-V\u00ddSTAVA-PSOV-Klastor-2020_r3-page-001-709x1024.jpg 709w\" sizes=\"auto, (max-width: 208px) 100vw, 208px\" \/><\/a>\n\t\t\t<\/dt><\/dl><dl class='gallery-item'>\n\t\t\t<dt class='gallery-icon portrait'>\n\t\t\t\t<a class=\"boxersandswipers\" title=\"OBLASTN\u00c1 V\u00ddSTAVA PSOV Klastor 2020_r3-page-002\" href='http:\/\/www.polovnictvotn.eu.sk\/wp-content\/uploads\/2020\/03\/OBLASTN\u00c1-V\u00ddSTAVA-PSOV-Klastor-2020_r3-page-002.jpg'><img loading=\"lazy\" decoding=\"async\" width=\"212\" height=\"300\" src=\"http:\/\/www.polovnictvotn.eu.sk\/wp-content\/uploads\/2020\/03\/OBLASTN\u00c1-V\u00ddSTAVA-PSOV-Klastor-2020_r3-page-002-212x300.jpg\" class=\"attachment-medium size-medium\" alt=\"\" srcset=\"http:\/\/www.polovnictvotn.eu.sk\/wp-content\/uploads\/2020\/03\/OBLASTN\u00c1-V\u00ddSTAVA-PSOV-Klastor-2020_r3-page-002-212x300.jpg 212w, http:\/\/www.polovnictvotn.eu.sk\/wp-content\/uploads\/2020\/03\/OBLASTN\u00c1-V\u00ddSTAVA-PSOV-Klastor-2020_r3-page-002-768x1086.jpg 768w, http:\/\/www.polovnictvotn.eu.sk\/wp-content\/uploads\/2020\/03\/OBLASTN\u00c1-V\u00ddSTAVA-PSOV-Klastor-2020_r3-page-002-724x1024.jpg 724w\" sizes=\"auto, (max-width: 212px) 100vw, 212px\" \/><\/a>\n\t\t\t<\/dt><\/dl><dl class='gallery-item'>\n\t\t\t<dt class='gallery-icon portrait'>\n\t\t\t\t<a class=\"boxersandswipers\" title=\"OBLASTN\u00c1 V\u00ddSTAVA PSOV Klastor 2020_r3-page-003\" href='http:\/\/www.polovnictvotn.eu.sk\/wp-content\/uploads\/2020\/03\/OBLASTN\u00c1-V\u00ddSTAVA-PSOV-Klastor-2020_r3-page-003.jpg'><img loading=\"lazy\" decoding=\"async\" width=\"212\" height=\"300\" src=\"http:\/\/www.polovnictvotn.eu.sk\/wp-content\/uploads\/2020\/03\/OBLASTN\u00c1-V\u00ddSTAVA-PSOV-Klastor-2020_r3-page-003-212x300.jpg\" class=\"attachment-medium size-medium\" alt=\"\" srcset=\"http:\/\/www.polovnictvotn.eu.sk\/wp-content\/uploads\/2020\/03\/OBLASTN\u00c1-V\u00ddSTAVA-PSOV-Klastor-2020_r3-page-003-212x300.jpg 212w, http:\/\/www.polovnictvotn.eu.sk\/wp-content\/uploads\/2020\/03\/OBLASTN\u00c1-V\u00ddSTAVA-PSOV-Klastor-2020_r3-page-003-768x1086.jpg 768w, http:\/\/www.polovnictvotn.eu.sk\/wp-content\/uploads\/2020\/03\/OBLASTN\u00c1-V\u00ddSTAVA-PSOV-Klastor-2020_r3-page-003-724x1024.jpg 724w\" sizes=\"auto, (max-width: 212px) 100vw, 212px\" \/><\/a>\n\t\t\t<\/dt><\/dl><dl class='gallery-item'>\n\t\t\t<dt class='gallery-icon portrait'>\n\t\t\t\t<a class=\"boxersandswipers\" title=\"OBLASTN\u00c1 V\u00ddSTAVA PSOV Klastor 2020_r3-page-004\" href='http:\/\/www.polovnictvotn.eu.sk\/wp-content\/uploads\/2020\/03\/OBLASTN\u00c1-V\u00ddSTAVA-PSOV-Klastor-2020_r3-page-004.jpg'><img loading=\"lazy\" decoding=\"async\" width=\"211\" height=\"300\" src=\"http:\/\/www.polovnictvotn.eu.sk\/wp-content\/uploads\/2020\/03\/OBLASTN\u00c1-V\u00ddSTAVA-PSOV-Klastor-2020_r3-page-004-211x300.jpg\" class=\"attachment-medium size-medium\" alt=\"\" srcset=\"http:\/\/www.polovnictvotn.eu.sk\/wp-content\/uploads\/2020\/03\/OBLASTN\u00c1-V\u00ddSTAVA-PSOV-Klastor-2020_r3-page-004-211x300.jpg 211w, http:\/\/www.polovnictvotn.eu.sk\/wp-content\/uploads\/2020\/03\/OBLASTN\u00c1-V\u00ddSTAVA-PSOV-Klastor-2020_r3-page-004-768x1090.jpg 768w, http:\/\/www.polovnictvotn.eu.sk\/wp-content\/uploads\/2020\/03\/OBLASTN\u00c1-V\u00ddSTAVA-PSOV-Klastor-2020_r3-page-004-722x1024.jpg 722w, http:\/\/www.polovnictvotn.eu.sk\/wp-content\/uploads\/2020\/03\/OBLASTN\u00c1-V\u00ddSTAVA-PSOV-Klastor-2020_r3-page-004.jpg 1748w\" sizes=\"auto, (max-width: 211px) 100vw, 211px\" \/><\/a>\n\t\t\t<\/dt><\/dl><br style=\"clear: both\" \/>\n\t\t<\/div>\n\n<hr \/>\n<p><strong><span style=\"color: #008000;\">Sk\u00fa\u0161ky duri\u010dov OPK Tren\u010d\u00edn.<\/span><\/strong><\/p>\n<p>V\u00a0chladnom a\u00a0hmlistom r\u00e1ne 7.decembra 2019 sme sa zi\u0161li v\u00a0PZ Sokol\u00ed kame\u0148 v\u00a0katastri obce Chocholn\u00e1 \u2013 Vel\u010dice na sk\u00fa\u0161kach duri\u010dov, ktor\u00e9 zorganizovala OPK Tren\u010d\u00edn.Bolo prihl\u00e1sen\u00fdch 7 ps\u00edkov a\u00a0ktomu prizvan\u00fd potrebn\u00fd po\u010det rozhodcov p. J\u00e1n Krchnav\u00fd, \u0160tefan Lorenc, PharmDr. Zuzka Ho\u0161\u0161ov\u00e1 a\u00a0 Vladko Rusn\u00e1k. Na sl\u00e1vnostnom n\u00e1stupe pred po\u013eova\u010dkou v\u0161ak pri\u0161li iba \u0161tyria ps\u00edci. Nu\u017e napriek tomu sa \u0161lo na spolo\u010dn\u00fa po\u013eova\u010dku. V\u00a0dvoch pohonoch bolo diviakov pomenej ne\u017e sa o\u010dak\u00e1valo, ale rozhodcovia pos\u00fadili v\u0161etk\u00fdch psov. Po sl\u00e1vnostnom ukon\u010den\u00ed po\u013eova\u010dky sa posudzovali technick\u00e9 discipl\u00edny.<br \/>\nNa druh\u00fd de\u0148 sa pokra\u010dovalo v\u00a0divia\u010dom oplotku a\u00a0na poslednej discipl\u00edne umelo zalo\u017een\u00e1 stopa diviaka.\u00a0Popoludn\u00ed bolo vyhl\u00e1senie v\u00fdsledkov sk\u00fa\u0161ok . V III. cene skon\u010dili 3 psy a\u00a0v\u00a0II. cene skon\u010dil 1 ps\u00edk. Nu\u017e v\u00fdsledky primeran\u00e9 v\u00fdkonom. Treba si uvedomi\u0165, \u017ee tieto sk\u00fa\u0161ky s\u00fa n\u00e1ro\u010dne aj na psov aj na vodi\u010dov.<br \/>\nZ\u00e1rove\u0148 je potrebn\u00e9 aby vodi\u010di ps\u00edkov pristupovali zodpovedne k\u00a0prihlasovaniu sa na sk\u00fa\u0161ky ako aj ku samotn\u00fdm sk\u00fa\u0161kam.<br \/>\nChcem po\u010fakova\u0165 PZ Sokol\u00ed kame\u0148 za poskytnutie rev\u00edru, aby psy mohli z\u00edska\u0165 po\u013eovn\u00fa upotrebite\u013enos\u0165, za spolupr\u00e1cu pri samotnej pr\u00edprave a\u00a0organizovan\u00ed sk\u00fa\u0161ok, za poskytnut\u00e9 ob\u010derstvenie a\u00a0dobr\u00fa n\u00e1ladu. \u010eakujem v\u0161etk\u00fdm ktor\u00ed pomohli.<\/p>\n<h3><img loading=\"lazy\" decoding=\"async\" class=\"alignnone size-thumbnail wp-image-2990\" src=\"http:\/\/www.polovnictvotn.eu.sk\/wp-content\/uploads\/2020\/02\/j3-150x150.jpg\" alt=\"\" width=\"150\" height=\"150\" srcset=\"http:\/\/www.polovnictvotn.eu.sk\/wp-content\/uploads\/2020\/02\/j3-150x150.jpg 150w, http:\/\/www.polovnictvotn.eu.sk\/wp-content\/uploads\/2020\/02\/j3-60x60.jpg 60w\" sizes=\"auto, (max-width: 150px) 100vw, 150px\" \/><\/h3>\n<hr \/>\n<p><strong><span style=\"color: #339966;\">Mimoriadne povolenie lovu divia\u010dej zveri 2020<\/span><\/strong><\/p>\n<div>\n<p class=\"p1\"><span class=\"s1\">Ministerstvo p\u00f4dohospod\u00e1rstva a rozvoja vidieka Slovenskej republiky (\u010falej len\u00a0\u201eministerstvo&#8220;), ako \u00fastredn\u00fd org\u00e1n \u0161t\u00e1tnej spr\u00e1vy po\u013eovn\u00edctva pod\u013ea \u00a7 72 p\u00edsm. m) z\u00e1kona\u00a0\u010d. 274\/2009 Z. z. o po\u013eovn\u00edctve a o zmene a doplnen\u00ed niektor\u00fdch z\u00e1konov v znen\u00ed neskor\u0161\u00edch\u00a0predpisov (\u010falej len \u201ez\u00e1kon o po\u013eovn\u00edctve&#8220;) povo\u013euje<\/span><\/p>\n<p class=\"p2\" style=\"text-align: center;\"><span class=\"s1\"><b>\u00a0mimoriadny lov<\/b><\/span><\/p>\n<p class=\"p2\"><span class=\"s1\"><b>divia\u010dej zveri v kateg\u00f3rii dospel\u00fd diviak a divia\u010dica v term\u00edne od 16.01.2020 do 30.06.2020 vo v\u0161etk\u00fdch po\u013eovn\u00fdch rev\u00edroch v r\u00e1mci Slovenskej republiky.\u00a0<\/b><\/span><\/p>\n<\/div>\n<div><a href=\"http:\/\/www.polovnictvotn.eu.sk\/wp-content\/uploads\/2020\/01\/mimoriadne_povolenie_lovu_DZ_2020.pdf\">mimoriadne_povolenie_lovu_DZ_2020<\/a><\/div>\n<hr \/>\n<p><strong><span style=\"color: #339966;\">Vyrozumenie k ukon\u010deniu doby platnosti mimoriadneho povolenia lovu<\/span><\/strong><\/p>\n<p style=\"font-weight: 400;\">Ministerstvo p\u00f4dohospod\u00e1rstva a rozvoja vidieka n\u00e1m poslalo toto vyrozumenie k ukon\u010deniu platnosti mimoriadneho povolenia lovu nasledovne:<\/p>\n<p style=\"font-weight: 400;\">z\u00a0d\u00f4vodu nejasnosti oh\u013eadom lovu zveri po skon\u010den\u00ed platnosti ministerstvom vydan\u00e9ho mimoriadneho povolenia lovu zveri v\u00a0\u010dase ochrany (vo viacer\u00fdch okresoch je mimoriadne povolenie vydan\u00e9 do 31.1.2020, \u010do je piatok), V\u00e1s chceme upozorni\u0165, \u017ee\u00a0<strong>ustanovenie \u00a7 71 ods. 2 vyhl\u00e1\u0161ky \u010d. 344\/2009 Z.z. ktorou sa vykon\u00e1va z\u00e1kon o\u00a0po\u013eovn\u00edctve v\u00a0znen\u00ed neskor\u0161\u00edch predpisov sa na mimoriadne povolenie lovu v\u00a0\u010dase ochrany vydan\u00e9 pod\u013ea \u00a7 56 ods. 3 z\u00e1kona \u010d. 274\/2009 z. z. o\u00a0po\u013eovn\u00edctve nevz\u0165ahuje<\/strong>.<\/p>\n<p style=\"font-weight: 400;\">Predmetn\u00e9 ustanovenie sa vz\u0165ahuje len na \u010das lovu uveden\u00fd v \u00a7 71 vyhl\u00e1\u0161ky.<\/p>\n<p style=\"font-weight: 400;\">To znamen\u00e1 \u017ee tam, kde je mimoriadne povolenie vydan\u00e9 do 31.1. je\u00a0<strong>posledn\u00fdm d\u0148om lovu piatok 31.1.<\/strong>\u00a0a\u00a0v\u00a0sobotu 1. febru\u00e1ra u\u017e nie je mo\u017ene lovi\u0165.<\/p>\n<p style=\"font-weight: 400;\">To ist\u00e9 samozrejme plat\u00ed aj pri term\u00edne 15.2. (sobota) resp. 29.2. (tie\u017e sobota)!<\/p>\n<p style=\"font-weight: 400;\"><a href=\"http:\/\/www.polovnictvotn.eu.sk\/wp-content\/uploads\/2020\/01\/Ukon\u010denie-mimoriadneho-lovu_Vyrozumenie-Min.p\u00f4dohospod\u00e1rstva.pdf\">Ukon\u010denie mimoriadneho lovu_Vyrozumenie Min.p\u00f4dohospod\u00e1rstva<\/a><\/p>\n<hr \/>\n<p><span style=\"color: #339966;\"><strong>Eur\u00f3pska komisia smeruje k \u00fapln\u00e9mu z\u00e1kazu pou\u017e\u00edvania oloven\u00e9ho streliva<\/strong><\/span><\/p>\n<p><span style=\"color: #000000; font-family: trebuchet ms, sans-serif;\"><strong>Slovensk\u00e1 po\u013eovn\u00edcka komora a \u010ceskomoravsk\u00e1 mysliveck\u00e1 jednota chr\u00e1nia pr\u00e1va po\u013eovn\u00edkov v Slovenskej a \u010ceskej republike a s takto navrhovan\u00fdm nariaden\u00edm nem\u00f4\u017eeme s\u00fahlasi\u0165.<\/strong><br \/>\n<strong>\u010cMMJ \u017eiada z\u00e1stupcu \u010ceskej republiky a M\u017dP, aby nedopustili prijatie tohto nepremyslen\u00e9ho a nekoncep\u010dn\u00e9ho n\u00e1vrhu. V s\u00falade so z\u00e1sadami E\u00da oh\u013eadom &#8222;lep\u0161ej regul\u00e1cie&#8220; vol\u00e1 po zrozumite\u013enom rie\u0161en\u00ed, ktor\u00e9 bude re\u0161pektova\u0165 pr\u00e1va v\u0161etk\u00fdch z\u00fa\u010dastnen\u00fdch str\u00e1n. Na Slovensku je z\u00e1kaz pou\u017e\u00edvania olova na mokradiach zaveden\u00fd prijat\u00edm z\u00e1kona 274\/2009 Z. z. v \u010cesku je z\u00e1kaz olova na mokradiach zaveden\u00fd od roku 2011. Av\u0161ak tento nov\u00fd n\u00e1vrh svojou zlou defin\u00edciou a obsahom presahuje \u010faleko za hranice mokrad\u00ed.\u00a0<\/strong><\/span><\/p>\n<p><span style=\"color: #000000; font-family: trebuchet ms, sans-serif;\">Od roku 2015 Eur\u00f3pska komisia (Komisia) pripravuje n\u00e1vrh z\u00e1kazu pou\u017e\u00edvania oloven\u00e9ho streliva na mokradiach. D\u00f4vodom je snaha zamedzi\u0165 vn\u00e1\u0161anie olova do pr\u00edrody. V minulom roku Komisia predstavila prv\u00fd n\u00e1vrh, ten v\u0161ak bol predmetom kritiky 6 \u010dlensk\u00fdch \u0161t\u00e1tov vr\u00e1tane \u010ceskej republiky. Komisia n\u00e1vrh prepracovala a predlo\u017eila tento rok nov\u00fd. Revidovan\u00fd n\u00e1vrh nie je jednozna\u010dn\u00fd. Nie je vymedzen\u00e1 minim\u00e1lna ve\u013ekos\u0165 mokrad\u00ed.<\/span><\/p>\n<p><span style=\"color: #000000; font-family: trebuchet ms, sans-serif;\">Defin\u00edcia toho, \u010do je pova\u017eovan\u00e9 za mokra\u010f, je k\u013e\u00fa\u010dov\u00fdm faktorom pri ur\u010dovan\u00ed uskuto\u010dnite\u013enosti a vym\u00e1hate\u013enosti navrhovan\u00e9ho obmedzenia. Ka\u017ed\u00e1 vidite\u013en\u00e1 voda, i napr\u00edklad kalu\u017e s ve\u013ekos\u0165ou 50 cm2, m\u00f4\u017ee by\u0165 definovan\u00e1 ako mokra\u010f. Pre strelca m\u00f4\u017ee by\u0165 problematick\u00e9 v praxi pos\u00fadi\u0165, \u010di je oblas\u0165 mokra\u010fou alebo nie.<\/span><\/p>\n<p><strong><span style=\"color: #000000; font-family: trebuchet ms, sans-serif; font-size: small;\">Vymedzenie ochrann\u00e9ho p\u00e1sma smeruje k \u00fapln\u00e9mu z\u00e1kazu oloven\u00e9ho streliva<\/span><\/strong><\/p>\n<p><strong><span style=\"color: #000000; font-family: trebuchet ms, sans-serif; font-size: small;\">Viac inform\u00e1ci\u00ed spolu s na\u0161imi stanoviskami n\u00e1jdete na webe:\u00a0<\/span><\/strong><a href=\"https:\/\/polovnickakomora.sk\/sk\/spk-aktualne\/spravy-a-informacie\/1854-europska-komisia-smeruje-k-uplnemu-zakazu-pouzivania-oloveneho-streliva.html\" target=\"_blank\" rel=\"noopener\" data-saferedirecturl=\"https:\/\/www.google.com\/url?q=https:\/\/polovnickakomora.sk\/sk\/spk-aktualne\/spravy-a-informacie\/1854-europska-komisia-smeruje-k-uplnemu-zakazu-pouzivania-oloveneho-streliva.html&amp;source=gmail&amp;ust=1580457833619000&amp;usg=AFQjCNE_spRe6WH0DffDUh3pD5MqnYsULQ\">https:\/\/<wbr \/>polovnickakomora.sk\/sk\/spk-<wbr \/>aktualne\/spravy-a-informacie\/<wbr \/>1854-europska-komisia-smeruje-<wbr \/>k-uplnemu-zakazu-pouzivania-<wbr \/>oloveneho-streliva.html<\/a><\/p>\n<p><a href=\"http:\/\/www.polovnictvotn.eu.sk\/wp-content\/uploads\/2020\/01\/N\u00e1vrh-EK_z\u00e1kaz-pou\u017e\u00edvania-oloven\u00e9ho-streliva-na-mokradiach.pdf\">N\u00e1vrh EK_z\u00e1kaz pou\u017e\u00edvania oloven\u00e9ho streliva na mokradiach<\/a><\/p>\n<hr \/>\n<p style=\"text-align: center;\"><span style=\"color: #339966;\"><strong>List prezidenta Slovenskej po\u013eovn\u00edckej komory<\/strong><\/span><\/p>\n<div style=\"text-align: center;\"><a href=\"http:\/\/www.polovnictvotn.eu.sk\/wp-content\/uploads\/2020\/01\/list_prezidia_SPK.pdf\">list_prezidia_SPK<\/a><\/div>\n<div><\/div>\n<div><\/div>\n<div>\n<hr \/>\n<\/div>\n<div style=\"text-align: center;\"><span style=\"color: #339966;\">AMO: AKTU\u00c1LNE INFO K 14.1.2020<\/span><\/div>\n<div><span style=\"font-family: trebuchet ms, sans-serif;\">na linku ni\u017e\u0161ie n\u00e1jdete doplnen\u00e9 v\u0161etky potrebn\u00e9 najnov\u0161ie\u00a0inform\u00e1cie t\u00fdkaj\u00face sa AMO na Slovensku.<\/span><\/div>\n<div><span style=\"font-family: trebuchet ms, sans-serif;\">V skratke:<\/span><\/div>\n<div>\n<p><span style=\"font-family: trebuchet ms, sans-serif;\">1&#xfe0f;&#x20e3;\u00a0Do 9.1.2020 bolo na Slovensku potvrden\u00fdch 35 pozit\u00edvnych pr\u00edpadov u divia\u010dej zveri.<br \/>\n2&#xfe0f;&#x20e3;\u00a0Bola vyt\u00fd\u010den\u00e1 nov\u00e1 n\u00e1razn\u00edkov\u00e1 z\u00f3na na hranici s Po\u013eskom a zru\u0161en\u00e1 p\u00f4vodn\u00e1, ktor\u00e1 bola na hranici s \u010cR od roku 2017.<br \/>\n3&#xfe0f;&#x20e3;\u00a0Z\u00f3ny u dom\u00e1cich o\u0161\u00edpan\u00fdch boli preklasifikovan\u00e9 do pr\u00edlohy II \u2013 teda ako \u00fazemie bez v\u00fdskytu AMO u dom\u00e1cich o\u0161\u00edpan\u00fdch ale s v\u00fdskytom u divia\u010dej zveri.<br \/>\n4&#xfe0f;&#x20e3;\u00a0Od 1.3.-31.11.2019 bolo na Slovensku uloven\u00fdch 54 737 kusov divia\u010dej zveri, \u010do je r\u00e1dovo takmer o 15 tis\u00edc viac ako v minulom roku.<br \/>\n5&#xfe0f;&#x20e3;\u00a0Od 21.8.2019-14.1.2020 bolo u\u017e\u00edvate\u013eom po\u013eovn\u00fdch rev\u00edrov odovzdan\u00fdch 555 chladiarensk\u00fdch zariaden\u00ed.<\/span><\/p>\n<div>\n<p><span style=\"font-family: trebuchet ms, sans-serif;\"><a href=\"https:\/\/polovnickakomora.sk\/sk\/amo\/aktualne-spravy-slovensko\/1823-amo-aktualna-situacia-na-slovensku.html\" target=\"_blank\" rel=\"noopener\" data-saferedirecturl=\"https:\/\/www.google.com\/url?q=https:\/\/polovnickakomora.sk\/sk\/amo\/aktualne-spravy-slovensko\/1823-amo-aktualna-situacia-na-slovensku.html&amp;source=gmail&amp;ust=1579259102778000&amp;usg=AFQjCNGMtodGv6ZtdiO0ZeJNuDULNYz0jA\">https:\/\/polovnickakomora.sk\/<wbr \/>sk\/amo\/aktualne-spravy-<wbr \/>slovensko\/1823-amo-aktualna-<wbr \/>situacia-na-slovensku.html<\/a><\/span><\/p>\n<\/div>\n<\/div>\n<hr \/>\n<h3><a href=\"http:\/\/www.polovnictvotn.eu.sk\/?page_id=2948\"><span style=\"color: #339966;\">Predbe\u017en\u00e9 sk\u00fa\u0161ky farbiarov Antonstal 27.10.2019<\/span><\/a><\/h3>\n<p><a href=\"http:\/\/www.polovnictvotn.eu.sk\/?page_id=2948\"><img loading=\"lazy\" decoding=\"async\" class=\"size-thumbnail wp-image-2957 alignleft\" src=\"http:\/\/www.polovnictvotn.eu.sk\/wp-content\/uploads\/2019\/12\/pf9-150x150.jpg\" alt=\"\" width=\"150\" height=\"150\" srcset=\"http:\/\/www.polovnictvotn.eu.sk\/wp-content\/uploads\/2019\/12\/pf9-150x150.jpg 150w, http:\/\/www.polovnictvotn.eu.sk\/wp-content\/uploads\/2019\/12\/pf9-60x60.jpg 60w\" sizes=\"auto, (max-width: 150px) 100vw, 150px\" \/><\/a>D\u0148a 27. 10. 2019 OPK Tren\u010d\u00edn v spolupr\u00e1ci s Lesy SR \u0161. p. OZ Tren\u010d\u00edn zorganizovali\u00a0 predbe\u017en\u00e9 sk\u00fa\u0161ky farbiarov. V malebnom prostred\u00ed po\u013eovn\u00edckeho z\u00e1mo\u010dka Antonst\u00e1l sa stretlo 8 vodi\u010dov so svojimi zverencami. Sk\u00fa\u0161ky prebiehali v kr\u00e1snom slne\u010dnom po\u010das\u00ed. V\u00fdkony a pripravenos\u0165 psov na sk\u00fa\u0161ky\u00a0 posudzovali Bc. Miroslav Kardo\u0161 a Zuzana Fedorov\u00e1. V I. cene skon\u010dili 4 ps\u00edkovia, v II. cene dvaja a v III. cene jeden pes. Aj touto cestou chceme po\u010fakova\u0165 v\u0161etk\u00fdm, ktor\u00ed prispeli svojou pr\u00e1cou pri pr\u00edprave sk\u00fa\u0161ok a tie\u017e Lesom SR \u0161. p. OZ Tren\u010d\u00edn, \u017ee n\u00e1m umo\u017enili sk\u00fa\u0161ky zorganizova\u0165 v ich PR \u010cere\u0161ienky.<\/p>\n<hr \/>\n<hr \/>\n<h2><em><strong><a href=\"http:\/\/www.polovnictvotn.eu.sk\/wp-content\/uploads\/2019\/12\/list_prezidia_SPK_2019.pdf\"><span style=\"color: #339966;\">usmernenie dr\u017eite\u013eov po\u013eovn\u00fdch l\u00edstkov pri prezent\u00e1cii fotografi\u00ed \u00falovkov na soci\u00e1lnych sie\u0165ach<\/span><\/a><\/strong><\/em><\/h2>\n<hr \/>\n<h2><a href=\"https:\/\/polovnickakomora.sk\/sk\/amo\/aktualne-spravy-slovensko\/1811-amo-priznaky-u-diviacej-zveri.html\"><span style=\"color: #339966;\"><em><strong>Video: Pr\u00edznaky AMO u divia\u010dej zveri<\/strong><\/em><\/span><\/a><\/h2>\n<hr \/>\n<hr \/>\n<h3><strong><em><span style=\"color: #339966;\"><a style=\"color: #339966;\" href=\"http:\/\/www.polovnictvotn.eu.sk\/wp-content\/uploads\/2019\/12\/zastavenie-lovu-vlka-drav\u00e9ho-2019-2020.pdf\">zastavenie lovu vlka drav\u00e9ho 2019-2020<\/a><\/span><\/em><\/strong><\/h3>\n<hr \/>\n<p><a class=\"boxersandswipers\" href=\"http:\/\/www.polovnictvotn.eu.sk\/wp-content\/uploads\/2019\/09\/OPK-NMnV..jpg\"><img loading=\"lazy\" decoding=\"async\" class=\"aligncenter size-large wp-image-2895\" src=\"http:\/\/www.polovnictvotn.eu.sk\/wp-content\/uploads\/2019\/09\/OPK-NMnV.-724x1024.jpg\" alt=\"\" width=\"724\" height=\"1024\" srcset=\"http:\/\/www.polovnictvotn.eu.sk\/wp-content\/uploads\/2019\/09\/OPK-NMnV.-724x1024.jpg 724w, http:\/\/www.polovnictvotn.eu.sk\/wp-content\/uploads\/2019\/09\/OPK-NMnV.-212x300.jpg 212w, http:\/\/www.polovnictvotn.eu.sk\/wp-content\/uploads\/2019\/09\/OPK-NMnV.-768x1086.jpg 768w\" sizes=\"auto, (max-width: 724px) 100vw, 724px\" \/><\/a><\/p>\n<h2 style=\"text-align: center;\"><\/h2>\n<hr \/>\n<h2><a href=\"http:\/\/www.polovnictvotn.eu.sk\/?page_id=2918\"><img loading=\"lazy\" decoding=\"async\" class=\"size-thumbnail wp-image-2911 alignleft\" src=\"http:\/\/www.polovnictvotn.eu.sk\/wp-content\/uploads\/2019\/10\/P1050078-150x150.jpg\" alt=\"\" width=\"150\" height=\"150\" srcset=\"http:\/\/www.polovnictvotn.eu.sk\/wp-content\/uploads\/2019\/10\/P1050078-150x150.jpg 150w, http:\/\/www.polovnictvotn.eu.sk\/wp-content\/uploads\/2019\/10\/P1050078-60x60.jpg 60w\" sizes=\"auto, (max-width: 150px) 100vw, 150px\" \/><\/a><span style=\"color: #339966;\">Sk\u00fa\u0161ky z vodnej pr\u00e1ce v PS Hubert 7.9.2019<\/span><\/h2>\n<p>&nbsp;<\/p>\n<p>&nbsp;<\/p>\n<p>&nbsp;<\/p>\n<hr \/>\n<h3><\/h3>\n<h3><img loading=\"lazy\" decoding=\"async\" class=\"alignleft size-thumbnail wp-image-2852\" src=\"http:\/\/www.polovnictvotn.eu.sk\/wp-content\/uploads\/2019\/07\/DSC_9238-150x150.jpg\" alt=\"\" width=\"150\" height=\"150\" srcset=\"http:\/\/www.polovnictvotn.eu.sk\/wp-content\/uploads\/2019\/07\/DSC_9238-150x150.jpg 150w, http:\/\/www.polovnictvotn.eu.sk\/wp-content\/uploads\/2019\/07\/DSC_9238-60x60.jpg 60w\" sizes=\"auto, (max-width: 150px) 100vw, 150px\" \/><\/h3>\n<h3><a title=\"Zasadnutie rady RgO SPZ a OPK Tren\u010d\u00edn 17.06.2015 Tren\u010dianske Stankovce\" href=\"http:\/\/www.polovnictvotn.eu.sk\/?page_id=2854\"><span style=\"color: #ccffcc;\"><strong><em><span style=\"color: #339966;\">\u00a0\u00a0 Spolo\u010dn\u00e9 Zasadnutie rady RgO SPZ a OPK Tren\u010d\u00edn 25.06.2019 Tren\u010dianske Stankovce<\/span><\/em><\/strong><\/span><\/a><\/h3>\n<h2><\/h2>\n<p>&nbsp;<\/p>\n<p>&nbsp;<\/p>\n<hr \/>\n<h2><a href=\"http:\/\/www.polovnictvotn.eu.sk\/wp-content\/uploads\/2019\/07\/bali\u010dek-2019.doc\"><span style=\"color: #339966;\">Akciov\u00e1 Ponuka na sez\u00f3nu 2019 Obora Radejov<\/span><\/a><\/h2>\n<hr \/>\n<hr \/>\n<p><strong>Pl\u00e1n kynologick\u00fdch akcii na rok 2019.<\/strong><\/p>\n<p><strong>\u00a0<\/strong><\/p>\n<ol start=\"22\">\n<li>9. 2019 \u2013 farbiarske sk\u00fa\u0161ky mal\u00fdch plemien \u2013 FSMP 25,-\u20ac<\/li>\n<li>10. 2019 \u2013 farbiarske sk\u00fa\u0161ky duri\u010dov &#8211; FD 25,-\u20ac<\/li>\n<li>10. 2019 \u2013 predbe\u017en\u00e9 sk\u00fa\u0161ky farbiarov &#8211; PF 35,-\u20ac<\/li>\n<li>\u2013 27. 10. 2019 \u2013 sk\u00fa\u0161ky duri\u010dov &#8211; SD 40,-\u20ac<\/li>\n<li>\u2013 8. 12. 2019 \u2013 sk\u00fa\u0161ky duri\u010dov &#8211; SD 40,-\u20ac<\/li>\n<\/ol>\n<p>&nbsp;<\/p>\n<p>Prihl\u00e1\u0161ku na sk\u00fa\u0161ky psov si m\u00f4\u017eete vyzdvihn\u00fa\u0165 v\u00a0kancel\u00e1rii OPK Tren\u010d\u00edn (pr\u00edpadne za\u0161leme po\u0161tou).<\/p>\n<p>Prihl\u00e1\u0161ku je potrebn\u00e9 osobne doru\u010di\u0165 do kancel\u00e1rie OPK Tren\u010d\u00edn minim\u00e1lne mesiac pred konan\u00edm sk\u00fa\u0161ok a\u00a0z\u00e1rove\u0148 je potrebn\u00e9 uhradi\u0165 poplatok za sk\u00fa\u0161ky.<\/p>\n<hr \/>\n<p>&nbsp;<\/p>\n<p>&nbsp;<\/p>\n<p><img loading=\"lazy\" decoding=\"async\" class=\"alignleft size-thumbnail wp-image-2841\" src=\"http:\/\/www.polovnictvotn.eu.sk\/wp-content\/uploads\/2019\/07\/IMG_20190709_132311-150x150.jpg\" alt=\"\" width=\"150\" height=\"150\" srcset=\"http:\/\/www.polovnictvotn.eu.sk\/wp-content\/uploads\/2019\/07\/IMG_20190709_132311-150x150.jpg 150w, http:\/\/www.polovnictvotn.eu.sk\/wp-content\/uploads\/2019\/07\/IMG_20190709_132311-60x60.jpg 60w\" sizes=\"auto, (max-width: 150px) 100vw, 150px\" \/> <a class=\"boxersandswipers\" href=\"http:\/\/www.polovnictvotn.eu.sk\/wp-content\/uploads\/2019\/07\/IMG_20190709_132302.jpg\"><img loading=\"lazy\" decoding=\"async\" class=\"alignleft size-thumbnail wp-image-2840\" src=\"http:\/\/www.polovnictvotn.eu.sk\/wp-content\/uploads\/2019\/07\/IMG_20190709_132302-150x150.jpg\" alt=\"\" width=\"150\" height=\"150\" srcset=\"http:\/\/www.polovnictvotn.eu.sk\/wp-content\/uploads\/2019\/07\/IMG_20190709_132302-150x150.jpg 150w, http:\/\/www.polovnictvotn.eu.sk\/wp-content\/uploads\/2019\/07\/IMG_20190709_132302-60x60.jpg 60w\" sizes=\"auto, (max-width: 150px) 100vw, 150px\" \/><\/a><\/p>\n<hr \/>\n<p>&nbsp;<\/p>\n<p>&nbsp;<\/p>\n<p>&nbsp;<\/p>\n<p>&nbsp;<\/p>\n<p>&nbsp;<\/p>\n<hr \/>\n<h2><em><strong><span style=\"color: #339966;\">FARBIARSKE SK\u00da\u0160KY MAL\u00ddCH PLEMIEN<\/span><\/strong><\/em><\/h2>\n<p><a href=\"http:\/\/www.polovnictvotn.eu.sk\/wp-content\/uploads\/2019\/07\/Nov\u00e9-propoz\u00edcie-FSMP.docx\"><img loading=\"lazy\" decoding=\"async\" class=\"alignleft wp-image-2833 size-medium\" src=\"http:\/\/www.polovnictvotn.eu.sk\/wp-content\/uploads\/2019\/07\/fsmp-229x300.png\" alt=\"\" width=\"229\" height=\"300\" srcset=\"http:\/\/www.polovnictvotn.eu.sk\/wp-content\/uploads\/2019\/07\/fsmp-229x300.png 229w, http:\/\/www.polovnictvotn.eu.sk\/wp-content\/uploads\/2019\/07\/fsmp.png 579w\" sizes=\"auto, (max-width: 229px) 100vw, 229px\" \/><\/a><\/p>\n<p>&nbsp;<\/p>\n<p>&nbsp;<\/p>\n<p>&nbsp;<\/p>\n<p>&nbsp;<\/p>\n<p>&nbsp;<\/p>\n<p>&nbsp;<\/p>\n<p>&nbsp;<\/p>\n<p>&nbsp;<\/p>\n<h3><em><strong><span style=\"color: #339966;\"><a style=\"color: #339966;\" href=\"http:\/\/www.polovnictvotn.eu.sk\/wp-content\/uploads\/2019\/07\/Nov\u00e9-propoz\u00edcie-FSMP.docx\">Nov\u00e9 propoz\u00edcie FSMP<\/a><\/span><\/strong><\/em><\/h3>\n<hr \/>\n<h2 style=\"text-align: center;\"><em><strong><span style=\"color: #339966;\">PO\u010eAKOVANIE<\/span><\/strong><\/em><\/h2>\n<p>\u010clenovia po\u013eovn\u00edckej spolo\u010dnosti PS Hubert v r\u00e1mci svojho rev\u00edru Tren\u010dianska Tepl\u00e1, zorganizovali \u010distenie lesa v katastri obce Tren\u010dianska Tepl\u00e1. V\u00fdsledok ich sna\u017eenia je vidie\u0165 na fotografi\u00e1ch. Ve\u013ek\u00e1 v\u010faka patr\u00ed \u010dlenom uvedenej po\u013eovn\u00edckej spolo\u010dnosti, ktor\u00ed uveden\u00fa akciu zabezpe\u010dili.<\/p>\n<p><a class=\"boxersandswipers\" href=\"http:\/\/www.polovnictvotn.eu.sk\/wp-content\/uploads\/2019\/06\/received_2721840594556844.jpeg\"><img loading=\"lazy\" decoding=\"async\" class=\"alignnone size-thumbnail wp-image-2829\" src=\"http:\/\/www.polovnictvotn.eu.sk\/wp-content\/uploads\/2019\/06\/received_2721840594556844-150x150.jpeg\" alt=\"\" width=\"150\" height=\"150\" srcset=\"http:\/\/www.polovnictvotn.eu.sk\/wp-content\/uploads\/2019\/06\/received_2721840594556844-150x150.jpeg 150w, http:\/\/www.polovnictvotn.eu.sk\/wp-content\/uploads\/2019\/06\/received_2721840594556844-60x60.jpeg 60w\" sizes=\"auto, (max-width: 150px) 100vw, 150px\" \/><\/a><a class=\"boxersandswipers\" href=\"http:\/\/www.polovnictvotn.eu.sk\/wp-content\/uploads\/2019\/06\/received_2225504737544322.jpeg\"><img loading=\"lazy\" decoding=\"async\" class=\"alignnone size-thumbnail wp-image-2828\" src=\"http:\/\/www.polovnictvotn.eu.sk\/wp-content\/uploads\/2019\/06\/received_2225504737544322-150x150.jpeg\" alt=\"\" width=\"150\" height=\"150\" srcset=\"http:\/\/www.polovnictvotn.eu.sk\/wp-content\/uploads\/2019\/06\/received_2225504737544322-150x150.jpeg 150w, http:\/\/www.polovnictvotn.eu.sk\/wp-content\/uploads\/2019\/06\/received_2225504737544322-60x60.jpeg 60w\" sizes=\"auto, (max-width: 150px) 100vw, 150px\" \/><\/a><a class=\"boxersandswipers\" href=\"http:\/\/www.polovnictvotn.eu.sk\/wp-content\/uploads\/2019\/06\/received_694022781067799.jpeg\"><img loading=\"lazy\" decoding=\"async\" class=\"alignnone size-thumbnail wp-image-2827\" src=\"http:\/\/www.polovnictvotn.eu.sk\/wp-content\/uploads\/2019\/06\/received_694022781067799-150x150.jpeg\" alt=\"\" width=\"150\" height=\"150\" srcset=\"http:\/\/www.polovnictvotn.eu.sk\/wp-content\/uploads\/2019\/06\/received_694022781067799-150x150.jpeg 150w, http:\/\/www.polovnictvotn.eu.sk\/wp-content\/uploads\/2019\/06\/received_694022781067799-60x60.jpeg 60w\" sizes=\"auto, (max-width: 150px) 100vw, 150px\" \/><\/a><a class=\"boxersandswipers\" href=\"http:\/\/www.polovnictvotn.eu.sk\/wp-content\/uploads\/2019\/06\/received_676492422772530.jpeg\"><img loading=\"lazy\" decoding=\"async\" class=\"alignnone size-thumbnail wp-image-2826\" src=\"http:\/\/www.polovnictvotn.eu.sk\/wp-content\/uploads\/2019\/06\/received_676492422772530-150x150.jpeg\" alt=\"\" width=\"150\" height=\"150\" srcset=\"http:\/\/www.polovnictvotn.eu.sk\/wp-content\/uploads\/2019\/06\/received_676492422772530-150x150.jpeg 150w, http:\/\/www.polovnictvotn.eu.sk\/wp-content\/uploads\/2019\/06\/received_676492422772530-60x60.jpeg 60w\" sizes=\"auto, (max-width: 150px) 100vw, 150px\" \/><\/a><a class=\"boxersandswipers\" href=\"http:\/\/www.polovnictvotn.eu.sk\/wp-content\/uploads\/2019\/06\/received_647374982445542.jpeg\"><img loading=\"lazy\" decoding=\"async\" class=\"alignnone size-thumbnail wp-image-2825\" src=\"http:\/\/www.polovnictvotn.eu.sk\/wp-content\/uploads\/2019\/06\/received_647374982445542-150x150.jpeg\" alt=\"\" width=\"150\" height=\"150\" srcset=\"http:\/\/www.polovnictvotn.eu.sk\/wp-content\/uploads\/2019\/06\/received_647374982445542-150x150.jpeg 150w, http:\/\/www.polovnictvotn.eu.sk\/wp-content\/uploads\/2019\/06\/received_647374982445542-60x60.jpeg 60w\" sizes=\"auto, (max-width: 150px) 100vw, 150px\" \/><\/a><a class=\"boxersandswipers\" href=\"http:\/\/www.polovnictvotn.eu.sk\/wp-content\/uploads\/2019\/06\/received_485936068846473.jpeg\"><img loading=\"lazy\" decoding=\"async\" class=\"alignnone size-thumbnail wp-image-2824\" src=\"http:\/\/www.polovnictvotn.eu.sk\/wp-content\/uploads\/2019\/06\/received_485936068846473-150x150.jpeg\" alt=\"\" width=\"150\" height=\"150\" srcset=\"http:\/\/www.polovnictvotn.eu.sk\/wp-content\/uploads\/2019\/06\/received_485936068846473-150x150.jpeg 150w, http:\/\/www.polovnictvotn.eu.sk\/wp-content\/uploads\/2019\/06\/received_485936068846473-60x60.jpeg 60w\" sizes=\"auto, (max-width: 150px) 100vw, 150px\" \/><\/a><a class=\"boxersandswipers\" href=\"http:\/\/www.polovnictvotn.eu.sk\/wp-content\/uploads\/2019\/06\/received_391030904856220.jpeg\"><img loading=\"lazy\" decoding=\"async\" class=\"alignnone size-thumbnail wp-image-2823\" src=\"http:\/\/www.polovnictvotn.eu.sk\/wp-content\/uploads\/2019\/06\/received_391030904856220-150x150.jpeg\" alt=\"\" width=\"150\" height=\"150\" srcset=\"http:\/\/www.polovnictvotn.eu.sk\/wp-content\/uploads\/2019\/06\/received_391030904856220-150x150.jpeg 150w, http:\/\/www.polovnictvotn.eu.sk\/wp-content\/uploads\/2019\/06\/received_391030904856220-60x60.jpeg 60w\" sizes=\"auto, (max-width: 150px) 100vw, 150px\" \/><\/a><a class=\"boxersandswipers\" href=\"http:\/\/www.polovnictvotn.eu.sk\/wp-content\/uploads\/2019\/06\/received_387239105481258.jpeg\"><img loading=\"lazy\" decoding=\"async\" class=\"alignnone size-thumbnail wp-image-2822\" src=\"http:\/\/www.polovnictvotn.eu.sk\/wp-content\/uploads\/2019\/06\/received_387239105481258-150x150.jpeg\" alt=\"\" width=\"150\" height=\"150\" srcset=\"http:\/\/www.polovnictvotn.eu.sk\/wp-content\/uploads\/2019\/06\/received_387239105481258-150x150.jpeg 150w, http:\/\/www.polovnictvotn.eu.sk\/wp-content\/uploads\/2019\/06\/received_387239105481258-60x60.jpeg 60w\" sizes=\"auto, (max-width: 150px) 100vw, 150px\" \/><\/a><\/p>\n<div>\n<div>\n<hr \/>\n<p>Dobr\u00fd de\u0148.<\/p>\n<p>&nbsp;<\/p>\n<p>V\u00fdnimo\u010dn\u00fd \u010dlovek, osobnos\u0165, v\u00fdnimo\u010dn\u00fd \u010din alebo pr\u00ednos pre spolo\u010dnos\u0165. Stret\u00e1vame sa s\u00a0t\u00fdmto fenom\u00e9nom takpovediac dennodenne a v\u00a0mnoh\u00fdch \u013eudsk\u00fdch \u010dinnostiach. T\u00ed, ktor\u00fdch sa to bytostne dot\u00fdka, to pre svoju skromnos\u0165 a\u00a0pokoru ber\u00fa ako samozrejmos\u0165, je v\u0161ak \u00a0po\u017eehnan\u00edm ma\u0165 vo svojom okol\u00ed \u013eud\u00ed, ktor\u00fdch konanie a\u00a0\u010diny obohacuj\u00fa aj n\u00e1s ostatn\u00fdch. \u00c1no, mil\u00ed priatelia po\u013eovn\u00edci, s\u00a0tak\u00fdmito osobnos\u0165ami sa stret\u00e1vame aj v\u00a0po\u013eovn\u00edctve, s\u00fa medzi nami, treba o\u00a0nich hovori\u0165, jemne ich vystr\u010di\u0165 z\u00a0davu a\u00a0prejavi\u0165 im \u00factu a\u00a0uznanie.<\/p>\n<p>&nbsp;<\/p>\n<p><strong>A pr\u00e1ve preto magaz\u00edn Po\u013eovn\u00edctvo a ryb\u00e1rstvo v spolupr\u00e1ci so Slovenskou po\u013eovn\u00edckou komorou vyhlasuj\u00fa celoslovensk\u00fa anketu Po\u013eovn\u00edk roka.<\/strong><\/p>\n<p><a class=\"boxersandswipers\" href=\"http:\/\/www.polovnictvotn.eu.sk\/wp-content\/uploads\/2019\/06\/image002.jpg\"><img loading=\"lazy\" decoding=\"async\" class=\"aligncenter size-full wp-image-2813\" src=\"http:\/\/www.polovnictvotn.eu.sk\/wp-content\/uploads\/2019\/06\/image002.jpg\" alt=\"\" width=\"664\" height=\"373\" srcset=\"http:\/\/www.polovnictvotn.eu.sk\/wp-content\/uploads\/2019\/06\/image002.jpg 664w, http:\/\/www.polovnictvotn.eu.sk\/wp-content\/uploads\/2019\/06\/image002-300x169.jpg 300w\" sizes=\"auto, (max-width: 664px) 100vw, 664px\" \/><\/a><\/p>\n<p>Cie\u013eom ankety je okrem ocenenia osobnost\u00ed aj zv\u00fd\u0161i\u0165 povedomie o\u00a0pr\u00ednose po\u013eovn\u00edctva pre Slovensko, ako aj mo\u017enos\u0165 verejne odprezentova\u0165 pr\u00e1cu, v\u00fdsledky a\u00a0aktivity jednotlivcov a\u00a0po\u013eovn\u00edckych organiz\u00e1ci\u00ed.<\/p>\n<p>&nbsp;<\/p>\n<p><strong>Preto by sme V\u00e1s radi t\u00fdmto oslovili a vyzvali na spolupr\u00e1cu, aby ste sa zapojili a nominovali svojich z\u00e1stupcov a \u013eud\u00ed o ktor\u00fdch si mysl\u00edte, \u017ee si toto prest\u00ed\u017ene uznanie zasl\u00fa\u017eia. Pros\u00edme, aby ste dali svojim kolegom inform\u00e1ciu o tento aktivite a aby sme tak spolo\u010dne vyzdvihli pr\u00e1cu v\u0161etk\u00fdch po\u013eovn\u00edkov.\u00a0<\/strong><\/p>\n<p>&nbsp;<\/p>\n<p>Do kateg\u00f3rie sa m\u00f4\u017ee prihl\u00e1si\u0165 alebo by\u0165 nominovan\u00fd jednotlivec alebo organiz\u00e1cia. Zo v\u0161etk\u00fdch prihl\u00e1sen\u00fdch nomin\u00e1ci\u00ed vyber\u00fa z\u00e1stupcovia Slovenskej po\u013eovn\u00edckej komory a\u00a0redakcia magaz\u00ednu Po\u013eovn\u00edctvo a\u00a0ryb\u00e1rstvo fin\u00e1lnych nominantov do ka\u017edej kateg\u00f3rie.\u00a0<strong>Celkov\u00fdch v\u00ed\u0165azov bude voli\u0165 odborn\u00e1 porota aj verejnos\u0165 prostredn\u00edctvom verejn\u00e9ho hlasovania.\u00a0<\/strong><\/p>\n<p>V\u00fdsledky ankety bud\u00fa ofici\u00e1lne vyhl\u00e1sen\u00e9 v\u00a0septembri 2019 na\u00a029. ro\u010dn\u00edku celoslovensk\u00fdch po\u013eovn\u00edckych sl\u00e1vnost\u00ed\u00a0Dni sv. Huberta.<\/p>\n<p>&nbsp;<\/p>\n<p><strong>Viac inform\u00e1ci\u00ed ako aj kateg\u00f3rie a prihlasovac\u00ed formul\u00e1r n\u00e1jdete<\/strong><strong>\u00a0na\u00a0<a href=\"http:\/\/www.polovnikroka.sk\/\" data-saferedirecturl=\"https:\/\/www.google.com\/url?q=http:\/\/www.polovnikroka.sk&amp;source=gmail&amp;ust=1561273738175000&amp;usg=AFQjCNFyNm1ukmVICJzIeA592_0qsLFSvg\">www.polovnikroka.sk<\/a><\/strong><\/p>\n<p>&nbsp;<\/p>\n<p>Te\u0161\u00edme sa na Va\u0161e prihl\u00e1\u0161ky.<\/p>\n<p>&nbsp;<\/p>\n<\/div>\n<\/div>\n<hr \/>\n<h3><a href=\"http:\/\/www.polovnictvotn.eu.sk\/wp-content\/uploads\/2019\/06\/monitoring_vlka2019.pdf\"><span style=\"color: #339966;\"><em><strong>Monitoring vlka drav\u00e9ho-\u017eiados\u0165 o s\u00fa\u010dinnos\u0165\u00a0<\/strong><\/em><\/span><\/a><\/h3>\n<div>\n<hr \/>\n<\/div>\n<div>\n<hr \/>\n<p>V\u00e1\u017een\u00ed priatelia.<\/p>\n<p style=\"font-weight: 400;\">Viacer\u00ed z V\u00e1s sa dotazovali na mo\u017enos\u0165 absolvova\u0165 kurz preparovania.<\/p>\n<p style=\"font-weight: 400;\"><strong>RNDr. Michal \u0160ilh\u00e1r p<\/strong>ripravil\u00a0 dva z\u00e1kladn\u00e9 kurzy, prv\u00fd zameran\u00fd na preparovanie vt\u00e1kov, druh\u00fd na prepar\u00e1ciu cicavcov. Viac inform\u00e1cii a prihl\u00e1\u0161ku m\u00f4\u017eete n\u00e1js\u0165 na :<\/p>\n<p style=\"font-weight: 400;\">web:\u00a0\u00a0<a href=\"http:\/\/www.preparaty.sk\/\" data-saferedirecturl=\"https:\/\/www.google.com\/url?q=http:\/\/www.preparaty.sk\/&amp;source=gmail&amp;ust=1557132564662000&amp;usg=AFQjCNGUGGc6_5eI-RhU0PricUWNpEZ9rQ\">http:\/\/www.preparaty.sk<\/a><br \/>\nmail: \u00a0<a href=\"http:\/\/preparaty@preparaty.sk\/\" data-saferedirecturl=\"https:\/\/www.google.com\/url?q=http:\/\/preparaty@preparaty.sk&amp;source=gmail&amp;ust=1557132564662000&amp;usg=AFQjCNHOEwFrgK3r_tDrmmLbkbbRNW91fw\">preparaty@preparaty.sk<\/a><\/p>\n<p style=\"font-weight: 400;\">\n<\/div>\n<div><\/div>\n<hr \/>\n<p><a href=\"http:\/\/www.polovnictvotn.eu.sk\/?page_id=2780\">Chovate\u013esk\u00e1 prehliadka po\u013eovn\u00edckej sez\u00f3ny 2018\/2019, Tren\u010dianske Stankovce 30. &#8211; 31. 3. 2019<img loading=\"lazy\" decoding=\"async\" class=\"size-thumbnail wp-image-2771 alignleft\" src=\"http:\/\/www.polovnictvotn.eu.sk\/wp-content\/uploads\/2019\/04\/DSC_0240-150x150.jpg\" alt=\"\" width=\"150\" height=\"150\" srcset=\"http:\/\/www.polovnictvotn.eu.sk\/wp-content\/uploads\/2019\/04\/DSC_0240-150x150.jpg 150w, http:\/\/www.polovnictvotn.eu.sk\/wp-content\/uploads\/2019\/04\/DSC_0240-60x60.jpg 60w\" sizes=\"auto, (max-width: 150px) 100vw, 150px\" \/><\/a><\/p>\n<p>&nbsp;<\/p>\n<p>&nbsp;<\/p>\n<p>&nbsp;<\/p>\n<p>&nbsp;<\/p>\n<hr \/>\n<h5><span style=\"color: #008000;\"><a style=\"color: #008000;\" href=\"http:\/\/www.polovnictvotn.eu.sk\/?p=2703&amp;preview=true\"><img loading=\"lazy\" decoding=\"async\" class=\"size-thumbnail wp-image-2718 alignleft\" src=\"http:\/\/www.polovnictvotn.eu.sk\/wp-content\/uploads\/2019\/03\/DSC_0180-1-150x150.jpg\" alt=\"\" width=\"150\" height=\"150\" \/><\/a><strong><a href=\"http:\/\/www.polovnictvotn.eu.sk\/?p=2703&amp;preview=true\">Rada RgO SPZ a konferencia OPK Tren\u010d\u00edn 25.3.2019 Tren\u010dianske Stankovce<\/a><\/strong><\/span><\/h5>\n<p>&nbsp;<\/p>\n<p>&nbsp;<\/p>\n<p>&nbsp;<\/p>\n<p>&nbsp;<\/p>\n<hr \/>\n<p style=\"text-align: center;\"><a class=\"boxersandswipers\" href=\"http:\/\/www.polovnictvotn.eu.sk\/wp-content\/uploads\/2019\/03\/ziva-luka-grafika-1.jpg\"><img loading=\"lazy\" decoding=\"async\" class=\"alignnone size-large wp-image-2743\" src=\"http:\/\/www.polovnictvotn.eu.sk\/wp-content\/uploads\/2019\/03\/ziva-luka-grafika-1-1024x725.jpg\" alt=\"\" width=\"730\" height=\"517\" srcset=\"http:\/\/www.polovnictvotn.eu.sk\/wp-content\/uploads\/2019\/03\/ziva-luka-grafika-1-1024x725.jpg 1024w, http:\/\/www.polovnictvotn.eu.sk\/wp-content\/uploads\/2019\/03\/ziva-luka-grafika-1-300x212.jpg 300w, http:\/\/www.polovnictvotn.eu.sk\/wp-content\/uploads\/2019\/03\/ziva-luka-grafika-1-768x544.jpg 768w, http:\/\/www.polovnictvotn.eu.sk\/wp-content\/uploads\/2019\/03\/ziva-luka-grafika-1.jpg 1883w\" sizes=\"auto, (max-width: 730px) 100vw, 730px\" \/><\/a><\/p>\n<hr \/>\n<hr \/>\n<h3><a href=\"http:\/\/www.polovnictvotn.eu.sk\/?page_id=2680\"><img loading=\"lazy\" decoding=\"async\" class=\"alignleft size-thumbnail wp-image-2669\" src=\"http:\/\/www.polovnictvotn.eu.sk\/wp-content\/uploads\/2019\/01\/46836788_2072613062799720_8186381281639006208_o-150x150.jpg\" alt=\"\" width=\"150\" height=\"150\" \/><\/a><a href=\"http:\/\/www.polovnictvotn.eu.sk\/?page_id=2680\"><em><strong><span style=\"color: #339966;\">Sk\u00fa\u0161ky duri\u010dov 24. &#8211; 25. 11. 2018 PZ \u017dd\u00e1nov\u00e1 Mel\u010dice<\/span><\/strong><\/em><\/a><\/h3>\n<p>&nbsp;<\/p>\n<p>&nbsp;<\/p>\n<p>&nbsp;<\/p>\n<p>&nbsp;<\/p>\n<hr \/>\n<h3><a class=\"boxersandswipers\" href=\"http:\/\/www.polovnictvotn.eu.sk\/wp-content\/uploads\/2018\/11\/biologicke_zasady_AMO.jpg\"><img loading=\"lazy\" decoding=\"async\" class=\"size-medium wp-image-2654\" src=\"http:\/\/www.polovnictvotn.eu.sk\/wp-content\/uploads\/2018\/11\/biologicke_zasady_AMO-300x209.jpg\" alt=\"\" width=\"300\" height=\"209\" srcset=\"http:\/\/www.polovnictvotn.eu.sk\/wp-content\/uploads\/2018\/11\/biologicke_zasady_AMO-300x209.jpg 300w, http:\/\/www.polovnictvotn.eu.sk\/wp-content\/uploads\/2018\/11\/biologicke_zasady_AMO-768x535.jpg 768w, http:\/\/www.polovnictvotn.eu.sk\/wp-content\/uploads\/2018\/11\/biologicke_zasady_AMO-1024x713.jpg 1024w\" sizes=\"auto, (max-width: 300px) 100vw, 300px\" \/><\/a><\/h3>\n<p><a class=\"boxersandswipers\" href=\"http:\/\/www.polovnictvotn.eu.sk\/wp-content\/uploads\/2018\/11\/mor-info.jpg\"><img loading=\"lazy\" decoding=\"async\" class=\"alignleft size-medium wp-image-2655\" src=\"http:\/\/www.polovnictvotn.eu.sk\/wp-content\/uploads\/2018\/11\/mor-info-223x300.jpg\" alt=\"\" width=\"223\" height=\"300\" srcset=\"http:\/\/www.polovnictvotn.eu.sk\/wp-content\/uploads\/2018\/11\/mor-info-223x300.jpg 223w, http:\/\/www.polovnictvotn.eu.sk\/wp-content\/uploads\/2018\/11\/mor-info.jpg 574w\" sizes=\"auto, (max-width: 223px) 100vw, 223px\" \/><\/a><\/p>\n<p>&nbsp;<\/p>\n<p>&nbsp;<\/p>\n<p>&nbsp;<\/p>\n<p>&nbsp;<\/p>\n<p>&nbsp;<\/p>\n<p>&nbsp;<\/p>\n<p>&nbsp;<\/p>\n<p>&nbsp;<\/p>\n<p>&nbsp;<\/p>\n<p>&nbsp;<\/p>\n<hr \/>\n<p><a class=\"boxersandswipers\" href=\"http:\/\/www.polovnictvotn.eu.sk\/wp-content\/uploads\/2018\/11\/magaz\u00edn-po\u013eovn\u00edka-2019.png\"><img loading=\"lazy\" decoding=\"async\" class=\"aligncenter size-medium wp-image-2646\" src=\"http:\/\/www.polovnictvotn.eu.sk\/wp-content\/uploads\/2018\/11\/magaz\u00edn-po\u013eovn\u00edka-2019-300x174.png\" alt=\"\" width=\"300\" height=\"174\" srcset=\"http:\/\/www.polovnictvotn.eu.sk\/wp-content\/uploads\/2018\/11\/magaz\u00edn-po\u013eovn\u00edka-2019-300x174.png 300w, http:\/\/www.polovnictvotn.eu.sk\/wp-content\/uploads\/2018\/11\/magaz\u00edn-po\u013eovn\u00edka-2019-768x446.png 768w, http:\/\/www.polovnictvotn.eu.sk\/wp-content\/uploads\/2018\/11\/magaz\u00edn-po\u013eovn\u00edka-2019.png 909w\" sizes=\"auto, (max-width: 300px) 100vw, 300px\" \/><\/a><\/p>\n<p><span style=\"color: #339966;\">O<span style=\"text-align: center;\">d za\u010diatku decembra je v predaji nov\u00e9 vydanie Magaz\u00ednu po\u013eovn\u00edka. M\u00f4\u017eete si ho objedna\u0165 od autora Mirona Cerulu za cenu 8\u20ac<\/span><\/span><\/p>\n<hr \/>\n<h2 style=\"text-align: center;\"><span style=\"color: #339966;\"><a style=\"color: #339966;\" href=\"http:\/\/www.polovnictvotn.eu.sk\/wp-content\/uploads\/2018\/11\/VZOR-Stanov-PZ.doc\">Vzorov\u00e9 stanovy PZ na stiahnutie.<\/a><\/span><\/h2>\n<hr \/>\n<h2 style=\"text-align: center;\"><span style=\"color: #339966;\"><a href=\"http:\/\/www.polovnictvotn.eu.sk\/wp-content\/uploads\/2018\/11\/Smernice-SPZ-o-udelovani-vyznamenani.doc\">Smernica o ude\u013eovan\u00ed vyznamenan\u00ed SPZ<\/a><\/span><\/h2>\n<hr \/>\n<h1><\/h1>\n<h1 style=\"text-align: center;\">Spustenie projektu \u017eiv\u00e1 l\u00faka<\/h1>\n<p><b>Od za\u010diatku okt\u00f3bra<\/b>\u00a0bude na adrese<a href=\"http:\/\/www.zivaluka.sk\/\"> www.zivaluka.sk<\/a> dostupn\u00e1 aplik\u00e1cia, ktor\u00fa poskytne Slovensk\u00e1 po\u013eovn\u00edcka komora v spolupr\u00e1ci s OZ ZELE\u0147 a bude sl\u00fa\u017ei\u0165 na elektronick\u00e9 ohlasovanie term\u00ednov kosby jarn\u00fdch krmov\u00edn po\u013enohospod\u00e1rmi, notifik\u00e1ciu registrovan\u00fdch u\u017e\u00edvate\u013eov (po\u013eovn\u00edkov aj dobrovo\u013en\u00edkov) o pripravovan\u00fdch prevent\u00edvnych akci\u00e1ch. Bezpe\u010dn\u00e1 dvoj\u00farov\u0148ov\u00e1 registr\u00e1cia. R\u00fdchla komunik\u00e1cia pomocou SMS \/e-mailov. Mo\u017enos\u0165 koordin\u00e1cie aktiv\u00edt. Mapov\u00fd grafick\u00fd podklad pre presn\u00e9 vyzna\u010denie a n\u00e1zornos\u0165.<\/p>\n<hr \/>\n<h1 style=\"text-align: center;\"><\/h1>\n<h1 style=\"text-align: center;\"><a href=\"http:\/\/www.polovnictvotn.eu.sk\/?page_id=2545\"><span style=\"color: #339966;\">Ponuka odpudzova\u010dov divej zveri<\/span><\/a><\/h1>\n<p>&nbsp;<\/p>\n<p style=\"text-align: center;\"><a href=\"http:\/\/www.polovnictvotn.eu.sk\/?page_id=2545\"><img loading=\"lazy\" decoding=\"async\" class=\"aligncenter size-medium wp-image-2577\" src=\"http:\/\/www.polovnictvotn.eu.sk\/wp-content\/uploads\/2018\/09\/NORMAL-1-300x169.jpg\" alt=\"\" width=\"300\" height=\"169\" \/><\/a><\/p>\n<p>&nbsp;<\/p>\n<hr \/>\n<p><span style=\"color: #339966;\"><strong><a href=\"http:\/\/www.polovnictvotn.eu.sk\/?page_id=2499\"><img loading=\"lazy\" decoding=\"async\" class=\"size-thumbnail wp-image-2509 alignleft\" src=\"http:\/\/www.polovnictvotn.eu.sk\/wp-content\/uploads\/2018\/07\/DSC_0025-150x150.jpg\" alt=\"\" width=\"150\" height=\"150\" srcset=\"http:\/\/www.polovnictvotn.eu.sk\/wp-content\/uploads\/2018\/07\/DSC_0025-150x150.jpg 150w, http:\/\/www.polovnictvotn.eu.sk\/wp-content\/uploads\/2018\/07\/DSC_0025-60x60.jpg 60w\" sizes=\"auto, (max-width: 150px) 100vw, 150px\" \/><\/a><a href=\"http:\/\/www.polovnictvotn.eu.sk\/?page_id=2499\">Rada RgO SPZ a konferencia OPK Tren\u010d\u00edn 28.6.2018 Tren\u010dianske Stankovce<\/a><\/strong><\/span><\/p>\n<p>&nbsp;<\/p>\n<p>&nbsp;<\/p>\n<p>&nbsp;<\/p>\n<p>&nbsp;<\/p>\n<hr \/>\n<p><strong><span style=\"color: #339966;\"><a href=\"http:\/\/www.polovnictvotn.eu.sk\/?page_id=2494\"><img loading=\"lazy\" decoding=\"async\" class=\"alignleft size-thumbnail wp-image-2487\" src=\"http:\/\/www.polovnictvotn.eu.sk\/wp-content\/uploads\/2018\/06\/36270699_1847075548686807_3039282385234427904_n-150x150.jpg\" alt=\"\" width=\"150\" height=\"150\" srcset=\"http:\/\/www.polovnictvotn.eu.sk\/wp-content\/uploads\/2018\/06\/36270699_1847075548686807_3039282385234427904_n-150x150.jpg 150w, http:\/\/www.polovnictvotn.eu.sk\/wp-content\/uploads\/2018\/06\/36270699_1847075548686807_3039282385234427904_n-60x60.jpg 60w\" sizes=\"auto, (max-width: 150px) 100vw, 150px\" \/><\/a><a href=\"http:\/\/www.polovnictvotn.eu.sk\/?page_id=2494\">Sk\u00fa\u0161ky kandid\u00e1tov z po\u013eovn\u00edctva 23.6.2018 Tren\u010dianske Jastrabie<\/a><\/span><\/strong><\/p>\n<p>&nbsp;<\/p>\n<p>&nbsp;<\/p>\n<p>&nbsp;<\/p>\n<p>&nbsp;<\/p>\n<hr \/>\n<h2 style=\"text-align: center;\"><a href=\"http:\/\/www.polovnictvotn.eu.sk\/wp-content\/uploads\/2018\/06\/Africky_mor_osipanych_u_diviacej_zveri_akt2018.pdf\">Aktualizovan\u00fd informa\u010dn\u00fd materi\u00e1l k AMO 2018<\/a><\/h2>\n<p>&nbsp;<\/p>\n<hr \/>\n<p><a class=\"boxersandswipers\" href=\"http:\/\/www.polovnictvotn.eu.sk\/wp-content\/uploads\/2018\/06\/P1020740.jpg\"><img loading=\"lazy\" decoding=\"async\" class=\"wp-image-2442 alignleft\" src=\"http:\/\/www.polovnictvotn.eu.sk\/wp-content\/uploads\/2018\/06\/P1020740-1024x768.jpg\" alt=\"Preteky sa uskuto\u010dnili za kr\u00e1sneho po\u010dasia a i priebeh bol plynul\u00fd. Z\u00fa\u010dastnilo sa 33 pretek\u00e1rov, ktor\u00ed bojovali o najlep\u0161ie v\u00fdsledky. V\u00ed\u0165azom sa stal Ing. J\u00e1n Kov\u00e1\u010dik. Preteky otvoril predseda RgO SPZ TN Ing. Juraj Mr\u00e1zik, hlavn\u00fd rozhodca Karol \u00c1bel a pomocn\u00fd rozhodca bol Mari\u00e1n \u00c1bel a J\u00e1n Michalka. Organiza\u010dn\u00e9 zabezpe\u010denie Daniel Mate\u010dn\u00fd a technick\u00e9 zabezpe\u010denie Daniel Pla\u010dko. Boli zabezpe\u010den\u00e9 i ceny ktor\u00fdch bolo 10 a jedna cena sa losovala zo v\u0161etk\u00fdch pretek\u00e1rov. T\u00fa predseda RgO SPZ TN vylosoval a bolo to \u0161tartovn\u00e9 \u010d\u00edslo 17 Vladim\u00edr Boor. Ceny zabezpe\u010doval p. Mate\u010dn\u00fd Daniel a hlavn\u00ed sponzori cien boli: DETMAR Milo\u0161 G\u00fa\u010dik, Brokovnice s.r.o. MUDr. Vidan Jaroslav, IBO Igor Boledovi\u010d a RgO SPZ Tren\u010d\u00edn. Ver\u00edme v tak\u00fato \u00fa\u010das\u0165 aj na \u010fal\u0161om ro\u010dn\u00edku.\" width=\"244\" height=\"183\" srcset=\"http:\/\/www.polovnictvotn.eu.sk\/wp-content\/uploads\/2018\/06\/P1020740-1024x768.jpg 1024w, http:\/\/www.polovnictvotn.eu.sk\/wp-content\/uploads\/2018\/06\/P1020740-300x225.jpg 300w, http:\/\/www.polovnictvotn.eu.sk\/wp-content\/uploads\/2018\/06\/P1020740-768x576.jpg 768w, http:\/\/www.polovnictvotn.eu.sk\/wp-content\/uploads\/2018\/06\/P1020740.jpg 1200w\" sizes=\"auto, (max-width: 244px) 100vw, 244px\" \/> <\/a><span style=\"color: #339966;\"><a style=\"color: #339966;\" href=\"http:\/\/www.polovnictvotn.eu.sk\/wp-content\/uploads\/2018\/06\/V\u00fdsl.-listina-B-100-2018.xls\">V\u00fdsledkov\u00e1 listina B-100, 2018<\/a><\/span><\/p>\n<p>Preteky sa uskuto\u010dnili za kr\u00e1sneho po\u010dasia a i priebeh bol plynul\u00fd.<br \/>\nZ\u00fa\u010dastnilo sa 33 pretek\u00e1rov, ktor\u00ed bojovali o najlep\u0161ie v\u00fdsledky.<br \/>\nV\u00ed\u0165azom sa stal Ing. J\u00e1n Kov\u00e1\u010dik. Preteky otvoril predseda RgO SPZ TN Ing. Juraj Mr\u00e1zik,<br \/>\nhlavn\u00fd rozhodca Karol \u00c1bel a pomocn\u00fd rozhodca bol Mari\u00e1n \u00c1bel a J\u00e1n Michalka.<br \/>\nOrganiza\u010dn\u00e9 zabezpe\u010denie Daniel Mate\u010dn\u00fd a technick\u00e9 zabezpe\u010denie Daniel Pla\u010dko.<br \/>\nBoli zabezpe\u010den\u00e9 i ceny ktor\u00fdch bolo 10 a jedna cena sa losovala zo v\u0161etk\u00fdch<br \/>\npretek\u00e1rov. T\u00fa predseda RgO SPZ TN vylosoval a bolo to \u0161tartovn\u00e9 \u010d\u00edslo 17 Vladim\u00edr Boor. Ceny zabezpe\u010doval p. Mate\u010dn\u00fd Daniel<\/p>\n<p>a hlavn\u00ed sponzori cien boli: DETMAR Milo\u0161 G\u00fa\u010dik, Brokovnice s.r.o. MUDr. Vidan Jaroslav, IBO Igor Boledovi\u010d a RgO SPZ Tren\u010d\u00edn.<br \/>\nVer\u00edme v tak\u00fato \u00fa\u010das\u0165 aj na \u010fal\u0161om ro\u010dn\u00edku.<\/p>\n<hr \/>\n<p><a href=\"http:\/\/www.polovnictvotn.eu.sk\/?page_id=2425\"><img loading=\"lazy\" decoding=\"async\" class=\"wp-image-2406 alignleft\" src=\"http:\/\/www.polovnictvotn.eu.sk\/wp-content\/uploads\/2018\/05\/IMG_20180506_120802.jpg\" alt=\"\" width=\"244\" height=\"183\" srcset=\"http:\/\/www.polovnictvotn.eu.sk\/wp-content\/uploads\/2018\/05\/IMG_20180506_120802.jpg 800w, http:\/\/www.polovnictvotn.eu.sk\/wp-content\/uploads\/2018\/05\/IMG_20180506_120802-300x225.jpg 300w, http:\/\/www.polovnictvotn.eu.sk\/wp-content\/uploads\/2018\/05\/IMG_20180506_120802-768x576.jpg 768w\" sizes=\"auto, (max-width: 244px) 100vw, 244px\" \/><\/a><\/p>\n<p><span style=\"color: #339966;\"><a style=\"color: #339966;\" href=\"http:\/\/www.polovnictvotn.eu.sk\/?page_id=2425&amp;preview=true\">Majstrovstv\u00e1 okresu v M-400 Star\u00e1 Tur\u00e1 6.5.2018<\/a><\/span><\/p>\n<p>&nbsp;<\/p>\n<p>&nbsp;<\/p>\n<p>&nbsp;<\/p>\n<p>&nbsp;<\/p>\n<hr \/>\n<p><a class=\"boxersandswipers\" href=\"http:\/\/www.polovnictvotn.eu.sk\/wp-content\/uploads\/2018\/05\/IMG_20180506_105856.jpg\"><img loading=\"lazy\" decoding=\"async\" class=\"alignleft wp-image-2398\" src=\"http:\/\/www.polovnictvotn.eu.sk\/wp-content\/uploads\/2018\/05\/IMG_20180506_105856.jpg\" alt=\"\" width=\"243\" height=\"182\" srcset=\"http:\/\/www.polovnictvotn.eu.sk\/wp-content\/uploads\/2018\/05\/IMG_20180506_105856.jpg 800w, http:\/\/www.polovnictvotn.eu.sk\/wp-content\/uploads\/2018\/05\/IMG_20180506_105856-300x225.jpg 300w, http:\/\/www.polovnictvotn.eu.sk\/wp-content\/uploads\/2018\/05\/IMG_20180506_105856-768x576.jpg 768w\" sizes=\"auto, (max-width: 243px) 100vw, 243px\" \/><\/a><em><span style=\"color: #339966;\"><a style=\"color: #339966;\" href=\"http:\/\/www.polovnictvotn.eu.sk\/wp-content\/uploads\/2018\/05\/V\u00fdsl.-listina-M400-2018..xls\">V\u00fdsl. listina M400-2018<\/a><\/span><\/em><\/p>\n<p>&nbsp;<\/p>\n<p>&nbsp;<\/p>\n<p>&nbsp;<\/p>\n<p>&nbsp;<\/p>\n<p>&nbsp;<\/p>\n<hr \/>\n<h4><span style=\"color: #339966;\"><a class=\"boxersandswipers\" href=\"http:\/\/www.polovnictvotn.eu.sk\/wp-content\/uploads\/2018\/01\/SPK-znak.jpg\"><img loading=\"lazy\" decoding=\"async\" class=\"alignnone wp-image-2091 alignleft\" src=\"http:\/\/www.polovnictvotn.eu.sk\/wp-content\/uploads\/2018\/01\/SPK-znak.jpg\" alt=\"\" width=\"196\" height=\"215\" \/><\/a><a style=\"color: #339966;\" href=\"http:\/\/www.polovnictvotn.eu.sk\/wp-content\/uploads\/2018\/04\/propoz\u00edcie-M-400OS-40-B-50-hl.pap_.-2018.doc\">Propoz\u00edcie na majstrovstv\u00e1 v M-400, OS-40 a B-50<\/a><\/span><\/h4>\n<p>&nbsp;<\/p>\n<p>&nbsp;<\/p>\n<p>&nbsp;<\/p>\n<p>&nbsp;<\/p>\n<p>&nbsp;<\/p>\n<p>&nbsp;<\/p>\n<p>&nbsp;<\/p>\n<p style=\"text-align: center;\"><a class=\"boxersandswipers\" href=\"http:\/\/www.polovnictvotn.eu.sk\/wp-content\/uploads\/2018\/04\/ml\u00e1\u010fat\u00e1.jpg\"><img loading=\"lazy\" decoding=\"async\" class=\"alignnone size-large wp-image-2367\" src=\"http:\/\/www.polovnictvotn.eu.sk\/wp-content\/uploads\/2018\/04\/ml\u00e1\u010fat\u00e1-1024x709.jpg\" alt=\"\" width=\"730\" height=\"505\" srcset=\"http:\/\/www.polovnictvotn.eu.sk\/wp-content\/uploads\/2018\/04\/ml\u00e1\u010fat\u00e1-1024x709.jpg 1024w, http:\/\/www.polovnictvotn.eu.sk\/wp-content\/uploads\/2018\/04\/ml\u00e1\u010fat\u00e1-300x208.jpg 300w, http:\/\/www.polovnictvotn.eu.sk\/wp-content\/uploads\/2018\/04\/ml\u00e1\u010fat\u00e1-768x532.jpg 768w\" sizes=\"auto, (max-width: 730px) 100vw, 730px\" \/><\/a><\/p>\n<hr \/>\n<h4><strong><a href=\"http:\/\/www.polovnictvotn.eu.sk\/?page_id=2307\"><img loading=\"lazy\" decoding=\"async\" class=\"size-thumbnail wp-image-2351 alignleft\" src=\"http:\/\/www.polovnictvotn.eu.sk\/wp-content\/uploads\/2018\/04\/DSC_9978-150x150.jpg\" alt=\"\" width=\"150\" height=\"150\" srcset=\"http:\/\/www.polovnictvotn.eu.sk\/wp-content\/uploads\/2018\/04\/DSC_9978-150x150.jpg 150w, http:\/\/www.polovnictvotn.eu.sk\/wp-content\/uploads\/2018\/04\/DSC_9978-60x60.jpg 60w\" sizes=\"auto, (max-width: 150px) 100vw, 150px\" \/><\/a><a style=\"color: #339966;\" href=\"http:\/\/www.polovnictvotn.eu.sk\/?page_id=2307\">Chovate\u013esk\u00e1 prehliadka po\u013eovn\u00edckej sez\u00f3ny 2017\/2018 <\/a><span style=\"color: #339966;\">Tren\u010dianske Stankovce<\/span><\/strong><\/h4>\n<p>&nbsp;<\/p>\n<p>&nbsp;<\/p>\n<p>&nbsp;<\/p>\n<p>&nbsp;<\/p>\n<hr \/>\n<h4><\/h4>\n<h4><a href=\"http:\/\/www.polovnictvotn.eu.sk\/?page_id=2214\"><strong><em><span style=\"color: #339966;\">Spolo<\/span><\/em><\/strong><\/a><strong><em><a href=\"http:\/\/www.polovnictvotn.eu.sk\/?page_id=2214\"><img loading=\"lazy\" decoding=\"async\" class=\"size-thumbnail wp-image-2210 alignleft\" src=\"http:\/\/www.polovnictvotn.eu.sk\/wp-content\/uploads\/2018\/02\/DSC_9777-150x150.jpg\" alt=\"\" width=\"150\" height=\"150\" srcset=\"http:\/\/www.polovnictvotn.eu.sk\/wp-content\/uploads\/2018\/02\/DSC_9777-150x150.jpg 150w, http:\/\/www.polovnictvotn.eu.sk\/wp-content\/uploads\/2018\/02\/DSC_9777-60x60.jpg 60w\" sizes=\"auto, (max-width: 150px) 100vw, 150px\" \/><\/a>\u010dn\u00e9 zasadnutie Rady RgO SPZ a OPK Tren\u010d\u00edn 20.2.2018 Tren\u010dianske Stankovce<\/em><\/strong><\/h4>\n<p>&nbsp;<\/p>\n<p>&nbsp;<\/p>\n<p>&nbsp;<\/p>\n<div>\n<p style=\"text-align: right;\">\n<\/div>\n<hr \/>\n<h2 style=\"text-align: left;\"><span style=\"color: #339966;\"><em><strong>Africk\u00fd mor o\u0161\u00edpan\u00fdch<\/strong><\/em><\/span><\/h2>\n<p>K\u00a0tejto t\u00e9me AMO sa vyjadrili viacer\u00ed odborn\u00edci na Rade SPZ v \u017diline: Vzh\u013eadom i\u00a0na odborn\u00fd<br \/>\nsemin\u00e1r o\u00a0AMO v\u00a0Nitre, kde sa v\u0161etci zhodli na tom, \u017ee AMO neob\u00edde ani na\u0161u krajinu. Ot\u00e1zka,<br \/>\nje iba ak\u00e1 bude siln\u00e1 jeho intenzita. T\u00e1to n\u00e1kaza bola zaznamenan\u00e1: v\u00a0Litve 1276 infikovan\u00fdch<br \/>\ndiviakov AMO, Polsko 537 nakazen\u00fdch diviakov, na Morave 1 nakazen\u00fd diviak a\u00a0119 pr\u00edpadov<br \/>\n\u00fahynov diviakov u\u00a0ktor\u00fdch bol AMO potvrden\u00fd v\u00a0okrese Zl\u00edn, \u010fal\u0161ie pr\u00edpady v\u00a0Ukrajine<br \/>\na\u00a0Rumunsku. AMO neprepuk\u00e1 r\u00fdchlo, preto sa zist\u00ed s oneskoren\u00edm, av\u0161ak to u\u017e bude<br \/>\nzamoren\u00e9 mno\u017estvo zveri a\u00a0pravdepodobne i ve\u013ek\u00e9 \u00fazemie. <!--more-->Najhor\u0161ie je, \u017ee neexistuje proti<br \/>\nnemu vakc\u00edna a\u00a0v\u00a0m\u00e4se alebo v\u00fdrobkoch v\u00edrus pre\u017e\u00edva i\u00a0nieko\u013eko rokov. Napr. v\u00a0mrazenom<br \/>\nm\u00e4se 30 a\u017e 1000 dn\u00ed (to s\u00fa skoro 3 roky). U\u017e dnes na Slovensku zaznamen\u00e1vame ve\u013emi<br \/>\nv\u00fdrazn\u00fd pokles z\u00e1ujmu o\u00a0divinu z\u00a0divia\u010dej zveri cca o\u00a0polovicu. A\u00a0taktie\u017e cena jej diviny klesla<br \/>\nna cca 0,40 .- \u20ac za kg. Ak by bola po\u010detnos\u0165 divia\u010dej zveri ni\u017e\u0161ia, intenzita roz\u0161\u00edrenia sa<br \/>\nv\u00fdrazne zn\u00ed\u017ei. Bolo kon\u0161tatovan\u00e9 ak sa okam\u017eite a\u00a0v\u00fdrazne nezn\u00ed\u017ei po\u010detnos\u0165 divia\u010dej zveri, je<br \/>\nviac ako ist\u00e9, \u017ee na divia\u010diu zver na nieko\u013eko rokov dopo\u013eujeme. N\u00e1s vyhl\u00e1sia za neschopn\u00fdch<br \/>\nrie\u0161i\u0165 situ\u00e1ciu. Ing. Lebock\u00fd kon\u0161tatuje, \u017ee po\u010detnos\u0165 divia\u010dej zveri sa u\u00a0n\u00e1s od roku 1967<br \/>\nzn\u00e1sobila 26 n\u00e1sobne a\u00a0iba za posledn\u00fdch desa\u0165 rokov sa po\u010detnos\u0165 zv\u00fd\u0161ila o 2,4 n\u00e1sobok,<br \/>\n\u010di\u017ee po\u010detnos\u0165 je pr\u00edli\u0161 vysok\u00e1. Najvy\u0161\u0161ie stavy divia\u010dej zveri v\u00a0r\u00e1mci Slovenska s\u00fa v\u00a0okresoch<br \/>\nTren\u010d\u00edn, Nov\u00e9 Mesto n\/V\u00e1hom, P\u00fachov, Prievidza, Ve\u013ek\u00fd Krt\u00ed\u0161. Toto pre n\u00e1s nie je lichotiv\u00e9.<br \/>\nZost\u00e1va na n\u00e1s dok\u00e1za\u0165, \u017ee probl\u00e9m vieme rie\u0161i\u0165. Mnoh\u00e9 okresy Slovenska u\u017e akt\u00edvne<br \/>\nzareagovali, dar\u00ed sa im intenz\u00edvne lovi\u0165 divia\u010diu zver a nezost\u00e1va ni\u010d in\u00e9 len aby i v\u0161etky<br \/>\nostatn\u00e9 okresy okam\u017eite, tvrdo a nekompromisne zasiahli do popul\u00e1cie divia\u010dej zveri<br \/>\na\u00a0po\u010detnos\u0165 za\u010dali radik\u00e1lne zni\u017eova\u0165. Ak to neurob\u00edme isto to dopadne ako na\u00a0Morave<br \/>\na\u00a0urobia to za n\u00e1s policajti a\u00a0vojaci. A\u00a0my po\u013eovn\u00edci budeme tot\u00e1lne medi\u00e1lne potupen\u00ed, \u017ee sme<br \/>\n\u00faplne zlyhali a\u00a0dok\u00e1\u017eeme, \u017ee sme vlastne zbyto\u010dn\u00ed. Je nutn\u00e9 zu\u017eitkova\u0165 r\u00fdchlo \u010do najviac<br \/>\ndivia\u010dej zveri, lebo inak po prepuknut\u00ed AMO nastane dlhodob\u00e9 str\u00e1danie v\u00a0love, divine<br \/>\ni\u00a0finan\u010dn\u00fdch pr\u00edjmov z tejto zveri. V\u00a0r\u00e1mci Slovenska s\u00fa odhady na mo\u017en\u00e9 \u0161kody vyr\u00e1tan\u00e9 na<br \/>\nviac ako 5 mili\u00f3nov eur. \u010eal\u0161ie straty z\u00a0mo\u017enosti obhospodarova\u0165 dan\u00fd druh zveri, z\u00a0ukon\u010denia<br \/>\ntradi\u010dn\u00fdch spolo\u010dn\u00fdch po\u013eova\u010diek a\u00a0zo z\u00e1niku po\u013eovn\u00edckeho turizmu sa pova\u017euje za<br \/>\nnevy\u010d\u00edslite\u013en\u00e9. Navrhovan\u00e9 \u00falohy pre po\u013eovn\u00edkov. Popul\u00e1ciu divia\u010dej zveri zn\u00ed\u017ei\u0165 na absol\u00fatne<br \/>\nminimum, aby sa \u0161\u00edrenie v\u00edrusu prirodzen\u00fdm sp\u00f4sobom \u010do najviac obmedzilo. Ak\u00e9ko\u013evek<br \/>\nobmedzenia lovu divia\u010dej zveri dnes nie s\u00fa na mieste. Naopak mus\u00edme okam\u017eite ve\u013emi<br \/>\nintenz\u00edvne za\u010da\u0165 lovi\u0165 v\u0161etky kateg\u00f3rie divia\u010dej zveri a\u00a0to bez obmedzenia i\u00a0na spolo\u010dn\u00fdch<br \/>\npo\u013eova\u010dk\u00e1ch. Dospel\u00e1 zver pod\u013ea pl\u00e1nu lovu a\u00a0v\u00a0kateg\u00f3rii divia\u010da, lan\u0161tiak absol\u00fatne bez<br \/>\nobmedzenia po\u010dtu. Samozrejme pri dodr\u017ean\u00ed veterin\u00e1rnych opatren\u00ed, odberom vzoriek<br \/>\na\u00a0vy\u0161etrovan\u00edm uloven\u00fdch jedincov. H\u013eada\u0165 i\u00a0formy zv\u00fdhodnenia po\u013eovn\u00edkov za ich intenz\u00edvny<br \/>\nlov divia\u010dej zveri. Plat\u00ed z\u00e1kaz k\u0155menia diviakov atrakt\u00edvnym a\u00a0dostupn\u00fdm sp\u00f4sobom. Mo\u017en\u00e9 je<br \/>\niba vykladanie krmiva na vnadisk\u00e1ch za \u00fa\u010delom lovu a\u00a0to maxim\u00e1lne kilogram jadrov\u00e9ho krmiva<br \/>\nna vnadisko a\u00a0de\u0148, samozrejme mimo \u010dasu n\u00fadze. Uskuto\u010dni\u0165 v\u0161etky povolen\u00e9 spolo\u010dn\u00e9<br \/>\npo\u013eova\u010dky, lebo po prvom pozit\u00edvnom v\u00fdskyte AMO sa u\u017e spolo\u010dn\u00e9 po\u013eova\u010dky zak\u00e1\u017eu a bude<br \/>\nza\u010diatok zl\u00e9ho konca. D\u00f4razne upozornili na skuto\u010dnos\u0165, \u017ee mnoh\u00ed u\u017e\u00edvatelia PR mali<br \/>\nustanoven\u00e9 zna\u010dn\u00e9 finan\u010dn\u00e9 pokuty napr. za lov kanca alebo divia\u010dice na spolo\u010dnej po\u013eova\u010dke,<br \/>\n\u017ee v\u00a0s\u00fa\u010dasnosti je u\u017e tak\u00e9to opatrenie neopodstatnen\u00e9 a\u00a0i\u00a0nepr\u00edpustn\u00e9. U\u00a0dom\u00e1cich o\u0161\u00edpan\u00fdch<br \/>\npo prepuknut\u00ed AMO je a\u017e 100% \u00fahyn. Informova\u0165 v\u0161etk\u00fdch \u010dlenov v\u00a0po\u013eovn\u00edckych<br \/>\norganiz\u00e1ci\u00e1ch o\u00a0danej situ\u00e1cii a\u00a0navrhovan\u00fdch opatreniach.<br \/>\nPredseda OPK Tren\u010d\u00edn Ing. Pavol ARP\u00c1\u0160<br \/>\nPredseda po\u013eovn\u00edckej komisie OPK Tren\u010d\u00edn Daniel MATE\u010cN\u00dd 5. 12. 2017<\/p>\n<hr \/>\n<p><span style=\"color: #339966;\"><strong>V\u00e1\u017een\u00ed kolegovia,<\/strong><\/span><\/p>\n<p>Prez\u00eddium Slovenskej po\u013eovn\u00edckej komory a Odborn\u00e1 komisia pre po\u013eovn\u00edctvo a\u00a0\u017eivotn\u00e9 prostredie Slovenskej po\u013eovn\u00edckej komory schv\u00e1lila na svojom zasadnut\u00ed d\u0148a 8.11.2017 Uznesen\u00edm \u010d. 6\/2017 podporu projektu \u017div\u00e1 l\u00faka, ktor\u00e9ho autorom je OZ Zele\u0148.<\/p>\n<p><em>Cie\u013eom projektu \u017div\u00e1 l\u00faka je prevencia a\u00a0z\u00e1chrana ml\u00e1\u010fat pred po\u013enohospod\u00e1rskymi pr\u00e1cami v\u00a0jarn\u00fdch a\u00a0letn\u00fdch mesiacoch kedy kosen\u00edm l\u00fak, trvalo tr\u00e1vnych porastov, lucerny a\u00a0\u010fateliny doch\u00e1dza k\u00a0vysok\u00fdm \u0161kod\u00e1m na srn\u010dej a\u00a0malej zveri (predov\u0161etk\u00fdm zajacov a\u00a0ba\u017eantov).<\/em><\/p>\n<p><em>T\u00fdmto V\u00e1s chceme po\u017eiada\u0165 o\u00a0distrib\u00faciu inform\u00e1ci\u00ed o\u00a0projekte \u017div\u00e1 l\u00faka a\u00a0uveden\u00e9ho linku s\u00a0prepojen\u00edm na dotazn\u00edkov\u00fd formul\u00e1r medzi po\u013eovn\u00fdch hospod\u00e1rov resp. u\u017e\u00edvate\u013eov po\u013eovn\u00fdch rev\u00edrov, ktor\u00ed eviduj\u00fa a\u00a0vn\u00edmaj\u00fa ka\u017edoro\u010dn\u00e9 vysok\u00e9 straty na lesnej a\u00a0po\u013enej zveri.<\/em><\/p>\n<p><em>Vyplnenie dotazn\u00edkov\u00e9ho formul\u00e1ra n\u00e1m poskytne\u00a0<\/em>inform\u00e1cie, ktor\u00e9 bud\u00fa vyhodnoten\u00e9 a pou\u017eit\u00e9 ako z\u00e1kladn\u00e1 informa\u010dn\u00e1 osnova k projektu &#8222;\u017div\u00e1 l\u00faka&#8220;. Projekt bude ma\u0165 za \u00falohu vytvori\u0165 mechanizmy na ochranu a predch\u00e1dzanie t\u00fdmto strat\u00e1m.<\/p>\n<p><strong>Dotazn\u00edk je vzh\u013eadom na potrebu vyhodnotenia relevantn\u00fdch v\u00fdsledkov nutn\u00e9 vyplni\u0165 najnesk\u00f4r do 31.12.2017!<\/strong><\/p>\n<h4><strong>Link s\u00a0prepojen\u00edm na dotazn\u00edkov\u00fd formul\u00e1r n\u00e1jdete na str\u00e1nke OZ Zele\u0148:<span style=\"color: #99cc00;\">\u00a0<\/span><\/strong><span style=\"color: #339966;\"><a style=\"color: #339966;\" href=\"http:\/\/www.ozzelen.sk\/#ZIVA_LUKA\" data-saferedirecturl=\"https:\/\/www.google.com\/url?hl=sk&amp;q=http:\/\/www.ozzelen.sk\/%23ZIVA_LUKA&amp;source=gmail&amp;ust=1512213160829000&amp;usg=AFQjCNHt6_wadgfls0MnVgO-CgoOLOeyHw\">http:\/\/www.ozzelen.sk\/#ZIVA_LUKA<\/a><\/span><\/h4>\n<h4><strong>Viac o\u00a0projekte n\u00e1jdete na na\u0161om webe SPK a\u00a0na webe OZ Zele\u0148:<span style=\"color: #ccffcc;\">\u00a0<\/span><\/strong><span style=\"color: #339966;\"><a style=\"color: #339966;\" href=\"http:\/\/polovnickakomora.sk\/spk\/1081-polovnici-podporte-aj-vy-projekt-ziva-luka.html\" data-saferedirecturl=\"https:\/\/www.google.com\/url?hl=sk&amp;q=http:\/\/polovnickakomora.sk\/spk\/1081-polovnici-podporte-aj-vy-projekt-ziva-luka.html&amp;source=gmail&amp;ust=1512213160829000&amp;usg=AFQjCNFC67qukQDsQjvroSHe82SwcuFVCg\">http:\/\/polovnickakomora.sk\/spk\/1081-polovnici-podporte-aj-vy-projekt-ziva-luka.html<\/a><\/span><br \/>\n<span style=\"color: #339966;\"><a style=\"color: #339966;\" href=\"http:\/\/www.ozzelen.sk\/\" data-saferedirecturl=\"https:\/\/www.google.com\/url?hl=sk&amp;q=http:\/\/www.ozzelen.sk\/&amp;source=gmail&amp;ust=1512213160829000&amp;usg=AFQjCNEdvGzK8kxugbO1oL0EfUW4ZpY3dg\">http:\/\/www.ozzelen.sk\/<\/a><\/span><\/h4>\n<p>Pros\u00edm V\u00e1s o\u00a0pomoc a\u00a0vyjadrenie podpory projektu \u017div\u00e1 l\u00faka, \u010di u\u017e zdie\u013ean\u00edm inform\u00e1ci\u00ed na va\u0161ich webov\u00fdch str\u00e1nkach, facebookov\u00fdch str\u00e1nkach alebo preposlan\u00edm medzi ostatn\u00fdch \u010dlenov va\u0161ich obvodn\u00fdch po\u013eovn\u00edckych kom\u00f4r, ktor\u00ed bud\u00fa m\u00f4c\u0165 \u010falej \u0161\u00edri\u0165 inform\u00e1cie o\u00a0pripravovanom projekte medzi po\u013eovn\u00edcku, ale aj nepo\u013eovn\u00edcku verejnos\u0165.<\/p>\n<p>S pozdravom<\/p>\n<hr \/>\n<p><a class=\"boxersandswipers\" href=\"http:\/\/www.polovnictvotn.eu.sk\/wp-content\/uploads\/2014\/04\/Sielnica.jpg\"><img loading=\"lazy\" decoding=\"async\" class=\"aligncenter size-medium wp-image-2061\" src=\"http:\/\/www.polovnictvotn.eu.sk\/wp-content\/uploads\/2014\/04\/Sielnica-300x225.jpg\" alt=\"\" width=\"300\" height=\"225\" srcset=\"http:\/\/www.polovnictvotn.eu.sk\/wp-content\/uploads\/2014\/04\/Sielnica-300x225.jpg 300w, http:\/\/www.polovnictvotn.eu.sk\/wp-content\/uploads\/2014\/04\/Sielnica-768x576.jpg 768w, http:\/\/www.polovnictvotn.eu.sk\/wp-content\/uploads\/2014\/04\/Sielnica.jpg 960w\" sizes=\"auto, (max-width: 300px) 100vw, 300px\" \/><\/a><\/p>\n<p>&nbsp;<\/p>\n<div dir=\"ltr\">\n<hr \/>\n<p><span style=\"color: #339966;\"><strong>Verejn\u00fd streleck\u00fd pretek Skalka Americk\u00fd trap-50, 15.10.2017<\/strong><\/span><\/p>\n<\/div>\n<div>Poriadal \u0160SK TRIO Nov\u00e1 Dubnica.<\/div>\n<div>Zraz strelcov, ktor\u00fdch bolo 18,\u00a0 bol o 9:00 hod. no pre ve\u013ek\u00fa hmlu sa otvorenie<\/div>\n<div>preteku za\u010dalo o 10:30 hod. a za\u010diatok stre\u013eby o 10:45 hod.<\/div>\n<div>Dovtedy strelci medzi sebou debatovali a popili k\u00e1vu.<\/div>\n<div>Pretek sa nakoniec vydaril, uk\u00e1zalo sa n\u00e1dhern\u00e9 slnie\u010dko,<\/div>\n<div>strelci si zastrie\u013eali a v\u00fdsledky boli nasledovn\u00e9:<\/div>\n<div><a class=\"boxersandswipers\" href=\"http:\/\/www.polovnictvotn.eu.sk\/wp-content\/uploads\/2014\/04\/mms_img-2130788766.jpg\"><img loading=\"lazy\" decoding=\"async\" class=\"size-thumbnail wp-image-2058 alignleft\" src=\"http:\/\/www.polovnictvotn.eu.sk\/wp-content\/uploads\/2014\/04\/mms_img-2130788766-150x150.jpg\" alt=\"\" width=\"150\" height=\"150\" \/><\/a>I.\u00a0 \u00a0Pisca &#8211; 45<\/div>\n<div>II.\u00a0 Mate\u010dn\u00fd &#8211; 40<\/div>\n<div>III. Kov\u00e1\u010dik &#8211; 38<\/div>\n<p>&nbsp;<\/p>\n<p>&nbsp;<\/p>\n<hr \/>\n<h3><a href=\"http:\/\/www.polovnictvotn.eu.sk\/?page_id=1972\"><img loading=\"lazy\" decoding=\"async\" class=\"alignnone size-thumbnail wp-image-1979 alignleft\" src=\"http:\/\/www.polovnictvotn.eu.sk\/wp-content\/uploads\/2017\/07\/DSC_9244-150x150.jpg\" alt=\"\" width=\"150\" height=\"150\" \/><\/a><span style=\"color: #339966;\"><a style=\"color: #339966;\" href=\"http:\/\/www.polovnictvotn.eu.sk\/?page_id=1972\"><em><strong>Spolo\u010dn\u00e9 zasadnutie rady RgO SPZ a OPK Tren\u010d\u00edn 28.06.2017 Tren\u010dianske Stankovce<\/strong><\/em><\/a><\/span><\/h3>\n<p>&nbsp;<\/p>\n<p>&nbsp;<\/p>\n<p>&nbsp;<\/p>\n<p>&nbsp;<\/p>\n<hr \/>\n<p><strong><em><a href=\"http:\/\/www.polovnictvotn.eu.sk\/?page_id=1947\"><img loading=\"lazy\" decoding=\"async\" class=\"size-thumbnail wp-image-1952 alignleft\" src=\"http:\/\/www.polovnictvotn.eu.sk\/wp-content\/uploads\/2017\/07\/IMG_20170624_122325-150x150.jpg\" alt=\"\" width=\"150\" height=\"150\" \/><\/a><\/em><\/strong><\/p>\n<div>\n<h3 style=\"text-align: left;\"><span style=\"color: #339966;\"><a style=\"color: #339966;\" href=\"http:\/\/www.polovnictvotn.eu.sk\/?page_id=1947\"><strong><em>Po\u013eovn\u00edcky de\u0148 PS Bo\u0161\u00e1ca 24.06.2017\u00a0<\/em><\/strong><\/a><a style=\"color: #339966;\" href=\"http:\/\/www.polovnictvotn.eu.sk\/?page_id=1947\"><strong><em>Zemianske Podhradie<\/em><\/strong><\/a><\/span><\/h3>\n<p>Aj tak\u00fdmto sp\u00f4sobom mo\u017eno propagova\u0165 J\u00fan -mesiac po\u013eovn\u00edctva medzi verejnos\u0165ou a hlavne de\u0165mi, z ktor\u00fdch raz mo\u017eno vyrast\u00fa nov\u00ed po\u013eovn\u00edci&#8230;<span style=\"color: #339966;\"><a style=\"color: #339966;\" href=\"http:\/\/www.polovnictvotn.eu.sk\/?page_id=1947\"><em><strong>c<\/strong><\/em><em><strong>el\u00fd \u010dl\u00e1nok<\/strong><\/em><\/a><\/span><\/p>\n<h3 style=\"text-align: left;\"><strong><em>\u00a0<\/em><\/strong><\/h3>\n<\/div>\n<div style=\"text-align: left;\"><\/div>\n<hr \/>\n<p><a href=\"http:\/\/www.polovnictvotn.eu.sk\/?page_id=1934\"><img loading=\"lazy\" decoding=\"async\" class=\"size-thumbnail wp-image-1930 alignleft\" src=\"http:\/\/www.polovnictvotn.eu.sk\/wp-content\/uploads\/2017\/06\/19399005_1474468272614205_8084655157692885448_n-150x150.jpg\" alt=\"\" width=\"150\" height=\"150\" \/><\/a><\/p>\n<h3><span style=\"color: #339966;\"><a style=\"color: #339966;\" href=\"http:\/\/www.polovnictvotn.eu.sk\/?page_id=1934\"><em><strong>Farbiarske sk\u00fa\u0161ky mal\u00fdch plemien 18.6.2017 Soblahov<\/strong><\/em><\/a><\/span><\/h3>\n<div>\n<p>D\u0148a 18. 6. 2017 sa v spolupr\u00e1ci s PZ Ostr\u00fd vrch &#8211; Soblahov konali farbiarske sk\u00fa\u0161ky mal\u00fdch plemien. Na sk\u00fa\u0161kach sa z\u00fa\u010dastnilo 9 ps\u00edkov r\u00f4znych plemien: paterdal terier, jazve\u010d\u00edky, lajky, slovensk\u00fd kopov&#8230;<span style=\"color: #339966;\"><a style=\"color: #339966;\" href=\"http:\/\/www.polovnictvotn.eu.sk\/?page_id=1791\"><em><strong>c<\/strong><\/em><\/a><a style=\"color: #339966;\" href=\"http:\/\/www.polovnictvotn.eu.sk\/?page_id=1934\"><em><strong>el\u00fd \u010dl\u00e1nok<\/strong><\/em><\/a><\/span><\/p>\n<\/div>\n<h2 style=\"text-align: center;\"><\/h2>\n<p>&nbsp;<\/p>\n<hr \/>\n<p>&nbsp;<\/p>\n<p><span style=\"color: #339966;\"><a style=\"color: #339966;\" href=\"http:\/\/www.polovnictvotn.eu.sk\/wp-content\/uploads\/2014\/04\/v\u00fdsl.listina-B-OS-OPK-TN-2017.-1.xls\"><strong><em>V\u00fdsledkov\u00e9 listiny zo streleck\u00fdch pretekov organizovan\u00fdch RgO SPZ a OPK Tren\u010d\u00edn <\/em><\/strong><strong><em>\u00a0xls<\/em><\/strong><\/a><\/span><\/p>\n<hr \/>\n<p><a href=\"http:\/\/www.polovnictvotn.eu.sk\/?page_id=1758\"><img loading=\"lazy\" decoding=\"async\" class=\"size-thumbnail wp-image-1763 alignleft\" src=\"http:\/\/www.polovnictvotn.eu.sk\/wp-content\/uploads\/2017\/04\/DSC_9068-150x150.jpg\" alt=\"\" width=\"150\" height=\"150\" \/><\/a><span style=\"color: #339966;\"><em><strong><a style=\"color: #339966;\" href=\"http:\/\/www.polovnictvotn.eu.sk\/?page_id=1758\">XI. Snem RgO SPZ Tren\u010d\u00edn 20.04.2017<\/a>\u00a0<\/strong><\/em><a style=\"color: #339966;\" href=\"http:\/\/www.polovnictvotn.eu.sk\/?page_id=1758\"><em><strong>Tren\u010dianske Stankovce<\/strong><\/em><\/a><\/span><\/p>\n<p><span style=\"color: #339966;\">\u00a0<\/span><\/p>\n<p><span style=\"color: #000000;\"><em>V\u00fdsledky volieb \u010dlenov predstavenstva RgO SPZ Tren\u010d\u00edn n\u00e1jdete v z\u00e1lo\u017eke &#8222;o n\u00e1s&#8220;\u00a0<\/em><\/span><\/p>\n<p>&nbsp;<\/p>\n<p>&nbsp;<\/p>\n<hr \/>\n<p><span style=\"color: #ccffcc;\"><strong><em><a title=\"Sk\u00fa\u0161ky kandid\u00e1ov z po\u013eovn\u00edctva ro\u010dn\u00edk 2015-2016 konan\u00e9 28.05.2016 v Tren\u010dianskom Jastrab\u00ed\" href=\"http:\/\/www.polovnictvotn.eu.sk\/?page_id=1533\"><img loading=\"lazy\" decoding=\"async\" class=\" size-thumbnail wp-image-1547 alignleft\" src=\"http:\/\/www.polovnictvotn.eu.sk\/wp-content\/uploads\/2016\/05\/DSC_8291-150x150.jpg\" alt=\"DSC_8291\" width=\"150\" height=\"150\" \/><span style=\"color: #339966;\">Sk\u00fa\u0161ky kandid\u00e1ov z po\u013eovn\u00edctva ro\u010dn\u00edk 2015-2016 konan\u00e9 28.05.2016 v Tren\u010dianskom Jastrab\u00ed<\/span><\/a><\/em><\/strong><\/span><\/p>\n<p>&nbsp;<\/p>\n<p>&nbsp;<\/p>\n<p>&nbsp;<\/p>\n<p><span style=\"color: #ccffcc;\">\u00a0<\/span><\/p>\n<hr \/>\n<p>&nbsp;<\/p>\n<p><strong>V\u00e1\u017een\u00ed priatelia po\u013eovn\u00edci, mil\u00ed priatelia pr\u00edrody!<\/strong><\/p>\n<p>Prin\u00e1\u0161ame V\u00e1m videoreport\u00e1\u017e s\u00a0Ing. Tiborom Lebock\u00fdm, PhD. \u2013 prezidentom Slovenskej po\u013eovn\u00edckej komory. V\u00a0\u010dase konania v\u00fdro\u010dn\u00fdch \u010dlensk\u00fdch sch\u00f4dz\u00ed a\u00a0chovate\u013esk\u00fdch prehliadok trofej\u00ed odpor\u00fa\u010dame vyu\u017ei\u0165 pr\u00edhovor, ktor\u00fd predniesol prezident SPK na porade ved\u00facich kancel\u00e1ri\u00ed OPK v\u00a0\u017diline d\u0148a 5.2.2016 ako zdroj najaktu\u00e1lnej\u0161\u00edch inform\u00e1ci\u00ed a\u00a0n\u00e1metov na diskusiu o\u00a0priorit\u00e1ch po\u013eovn\u00edckej samospr\u00e1vy v\u00a0nadch\u00e1dzaj\u00facom obdob\u00ed.<\/p>\n<p>S\u00a0pozdravom<br \/>\nKancel\u00e1ria SPK<\/p>\n<p><span style=\"color: #339966;\"><em><a lang=\"sk\" style=\"color: #339966;\" href=\"http:\/\/www.polovnickakomora.sk\/spk\/680-prihovor-prezidenta-slovenskej-polovnickej-komory.html?utm_source=nl1&amp;utm_medium=email&amp;utm_campaign=prihovor\" target=\"_blank\" rel=\"noopener\" name=\"-1628513959_712601246_-1071022776_Prihovor\"><strong>Pre zobrazenie kliknite SEM<\/strong><\/a><\/em><\/span><\/p>\n<p>&nbsp;<\/p>\n<hr \/>\n<div>\n<p style=\"text-align: left;\">\n<\/div>\n<div>\n<p><a title=\"Zasadnutie rady RgO SPZ a OPK Tren\u010d\u00edn 17.06.2015 Tren\u010dianske Stankovce\" href=\"http:\/\/www.polovnictvotn.eu.sk\/?page_id=1336\"><span style=\"color: #ccffcc;\"><strong><em>\u00a0<img loading=\"lazy\" decoding=\"async\" class=\" size-thumbnail wp-image-1340 alignleft\" src=\"http:\/\/www.polovnictvotn.eu.sk\/wp-content\/uploads\/2015\/06\/DSC_7196-150x150.jpg\" alt=\"DSC_7196\" width=\"150\" height=\"150\" \/><span style=\"color: #339966;\">Zasadnutie rady RgO SPZ a OPK Tren\u010d\u00edn 17.06.2015 Tren\u010dianske Stankovce<\/span><\/em><\/strong><\/span><\/a><\/p>\n<p>&nbsp;<\/p>\n<p>&nbsp;<\/p>\n<\/div>\n<p>&nbsp;<\/p>\n<p>&nbsp;<\/p>\n<hr \/>\n<div>\n<p>&nbsp;<\/p>\n<p style=\"text-align: left;\" align=\"center\"><a title=\"\u00a0Sk\u00fa\u0161ky kandid\u00e1tov z po\u013eovn\u00edctva 30.05.2015\" href=\"http:\/\/www.polovnictvotn.eu.sk\/?page_id=1304\"><img loading=\"lazy\" decoding=\"async\" class=\"size-thumbnail wp-image-1300 alignleft\" src=\"http:\/\/www.polovnictvotn.eu.sk\/wp-content\/uploads\/2014\/04\/DSC_6710-150x150.jpg\" alt=\"DSC_6710\" width=\"150\" height=\"150\" \/><\/a><span style=\"color: #339966;\"><em><strong>\u00a0<a style=\"color: #339966;\" title=\"\u00a0Sk\u00fa\u0161ky kandid\u00e1tov z po\u013eovn\u00edctva 30.05.2015\" href=\"http:\/\/www.polovnictvotn.eu.sk\/?page_id=1304\">\u00a0Sk\u00fa\u0161ky kandid\u00e1tov z po\u013eovn\u00edctva 30.05.2015<\/a><\/strong><\/em><\/span><\/p>\n<p align=\"center\"><span style=\"color: #003300;\">.<\/span><\/p>\n<p align=\"center\"><span style=\"color: #003300;\">.<\/span><\/p>\n<p align=\"center\">\n<\/div>\n<div>\n<p>&nbsp;<\/p>\n<\/div>\n<div>\n<hr \/>\n<p><a title=\"1. v\u00fdro\u010dn\u00e1 konferencia OPK Tren\u010d\u00edn 30. 10. 2014 K\u00e1lnica\" href=\"http:\/\/www.polovnictvotn.eu.sk\/?page_id=1136\"><img loading=\"lazy\" decoding=\"async\" class=\"alignleft size-thumbnail wp-image-1141\" src=\"http:\/\/www.polovnictvotn.eu.sk\/wp-content\/uploads\/2014\/11\/DSC_5346-150x150.jpg\" alt=\"DSC_5346\" width=\"150\" height=\"150\" \/><\/a><span style=\"color: #339966;\"><strong><em><a style=\"color: #339966;\" title=\"1. v\u00fdro\u010dn\u00e1 konferencia OPK Tren\u010d\u00edn 30. 10. 2014 K\u00e1lnica\" href=\"http:\/\/www.polovnictvotn.eu.sk\/?page_id=1136\">1. v\u00fdro\u010dn\u00e1 konferencia OPK Tren\u010d\u00edn 30. 10. 2014 K\u00e1lnica<\/a><\/em><\/strong><\/span><\/p>\n<p>&nbsp;<\/p>\n<\/div>\n<p>&nbsp;<\/p>\n<p>&nbsp;<\/p>\n<p>&nbsp;<\/p>\n<div>\n<hr \/>\n<p><a title=\"Stre\u013eby kandid\u00e1tov 13.9.2014 Beckov\" href=\"http:\/\/www.polovnictvotn.eu.sk\/?page_id=963\"><img loading=\"lazy\" decoding=\"async\" class=\"alignleft size-thumbnail wp-image-975\" src=\"http:\/\/www.polovnictvotn.eu.sk\/wp-content\/uploads\/2014\/09\/DSC_2621-150x150.jpg\" alt=\"DSC_2621\" width=\"150\" height=\"150\" \/><\/a><\/p>\n<p><span style=\"color: #339966;\"><strong><em><a style=\"color: #339966;\" title=\"Stre\u013eby kandid\u00e1tov 13.9.2014 Beckov\" href=\"http:\/\/www.polovnictvotn.eu.sk\/?page_id=963\">Stre\u013eby kandid\u00e1tov 13.09.2014 Beckov<\/a><\/em><\/strong><\/span><\/p>\n<p>&nbsp;<\/p>\n<p>&nbsp;<\/p>\n<p>&nbsp;<\/p>\n<\/div>\n<p>&nbsp;<\/p>\n<hr \/>\n<p><span style=\"color: #ccffcc;\"><a title=\"Dru\u017eobn\u00e9 stretnutie po\u013eovn\u00edckych organiz\u00e1ci\u00ed Tren\u010d\u00edn a Uhersk\u00e9 Hradi\u0161te 27.06.2014 Beckov\" href=\"http:\/\/www.polovnictvotn.eu.sk\/?page_id=877\"><strong><em><img loading=\"lazy\" decoding=\"async\" class=\"alignleft size-thumbnail wp-image-883\" src=\"http:\/\/www.polovnictvotn.eu.sk\/wp-content\/uploads\/2014\/06\/P1120092-150x150.jpg\" alt=\"P1120092\" width=\"150\" height=\"150\" \/><span style=\"color: #339966;\">Dru\u017eobn\u00e9 stretnutie po\u013eovn\u00edckych organiz\u00e1ci\u00ed Tren\u010d\u00edn a Uhersk\u00e9 Hradi\u0161te 27.06.2014 Beckov<\/span><\/em><\/strong><\/a><\/span><\/p>\n<p>&nbsp;<\/p>\n<p>&nbsp;<\/p>\n<p>&nbsp;<\/p>\n<p>&nbsp;<\/p>\n<hr \/>\n<p>&nbsp;<\/p>\n<p><span style=\"color: #ccffcc;\"><em><strong><a title=\"Sk\u00fa\u0161ky kandid\u00e1tov z po\u013eovn\u00edctva ro\u010dn\u00edk 2013-2014\" href=\"http:\/\/www.polovnictvotn.eu.sk\/?page_id=703\"><img loading=\"lazy\" decoding=\"async\" class=\"alignleft size-thumbnail wp-image-783\" src=\"http:\/\/www.polovnictvotn.eu.sk\/wp-content\/uploads\/2014\/06\/P1110609-150x150.jpg\" alt=\"P1110609\" width=\"150\" height=\"150\" \/><\/a><\/strong><\/em><\/span><span style=\"color: #339966;\"><em><strong><a style=\"color: #339966;\" title=\"Sk\u00fa\u0161ky kandid\u00e1tov z po\u013eovn\u00edctva ro\u010dn\u00edk 2013-2014\" href=\"http:\/\/www.polovnictvotn.eu.sk\/?page_id=703\">Sk\u00fa\u0161ky kandid\u00e1tov z po\u013eovn\u00edctva\u00a020-21.06.2014 Tren\u010dianske\u00a0Jastrabie<\/a><\/strong><\/em><\/span><\/p>\n<p>&nbsp;<\/p>\n<p>&nbsp;<\/p>\n<p>&nbsp;<\/p>\n<header class=\"entry-header page-header\">\n<hr \/>\n<p><a title=\"Zasadnutie rady RgO SPZ a OPK tren\u010d\u00edn 19.06.2014 K\u00e1lnica\" href=\"http:\/\/www.polovnictvotn.eu.sk\/?page_id=748\"><span style=\"color: #ccffcc;\"><strong><em><img loading=\"lazy\" decoding=\"async\" class=\"alignleft size-thumbnail wp-image-765\" src=\"http:\/\/www.polovnictvotn.eu.sk\/wp-content\/uploads\/2014\/06\/P1110474-150x150.jpg\" alt=\"P1110474\" width=\"150\" height=\"150\" \/><span style=\"color: #339966;\">Zasadnutie rady RgO SPZ a OPK tren\u010d\u00edn 19.06.2014\u00a0<\/span><\/em><\/strong><\/span><span style=\"color: #339966;\"><strong><em>K\u00e1lnica<\/em><\/strong><\/span><\/a><\/p>\n<p>&nbsp;<\/p>\n<p>&nbsp;<\/p>\n<p>&nbsp;<\/p>\n<p>&nbsp;<\/p>\n<\/header>\n","protected":false},"excerpt":{"rendered":"<p>Zru\u0161enie niektor\u00fdch vrcholov\u00fdch streleck\u00fdch podujat\u00ed na \u00farovni SPK\u00a0 V pr\u00edlohe zverej\u0148ujeme odpor\u00fa\u010danie SPK na z\u00e1klade, ktor\u00e9ho boli zru\u0161en\u00e9 v\u0161etky streleck\u00e9 podujatia organizovan\u00e9 OPK a OkO SPZ Tren\u010d\u00edn a z\u00e1rove\u0148 oznam o zru\u0161en\u00ed niektor\u00fdch vrcholov\u00fdch streleck\u00fdch podujat\u00ed na \u00farovni SPK. Ru\u0161enie streleck\u00fdch podujat\u00ed 2020 Opatrenia \u00daVZ SR PO\u013dOVN\u00cdCI A\u00a0V\u010cEL\u00c1RI POM\u00c1HAJ\u00da KRAJINE Tla\u010dov\u00e1 spr\u00e1va &#8211; dohoda po\u013eovn\u00edkov [&hellip;]<\/p>\n","protected":false},"author":1,"featured_media":0,"parent":0,"menu_order":0,"comment_status":"closed","ping_status":"closed","template":"","meta":{"footnotes":""},"class_list":["post-3089","page","type-page","status-publish","hentry"],"jetpack_sharing_enabled":true,"_links":{"self":[{"href":"http:\/\/www.polovnictvotn.eu.sk\/index.php?rest_route=\/wp\/v2\/pages\/3089","targetHints":{"allow":["GET"]}}],"collection":[{"href":"http:\/\/www.polovnictvotn.eu.sk\/index.php?rest_route=\/wp\/v2\/pages"}],"about":[{"href":"http:\/\/www.polovnictvotn.eu.sk\/index.php?rest_route=\/wp\/v2\/types\/page"}],"author":[{"embeddable":true,"href":"http:\/\/www.polovnictvotn.eu.sk\/index.php?rest_route=\/wp\/v2\/users\/1"}],"replies":[{"embeddable":true,"href":"http:\/\/www.polovnictvotn.eu.sk\/index.php?rest_route=%2Fwp%2Fv2%2Fcomments&post=3089"}],"version-history":[{"count":9,"href":"http:\/\/www.polovnictvotn.eu.sk\/index.php?rest_route=\/wp\/v2\/pages\/3089\/revisions"}],"predecessor-version":[{"id":3224,"href":"http:\/\/www.polovnictvotn.eu.sk\/index.php?rest_route=\/wp\/v2\/pages\/3089\/revisions\/3224"}],"wp:attachment":[{"href":"http:\/\/www.polovnictvotn.eu.sk\/index.php?rest_route=%2Fwp%2Fv2%2Fmedia&parent=3089"}],"curies":[{"name":"wp","href":"https:\/\/api.w.org\/{rel}","templated":true}]}}